{"id":488,"date":"2014-10-08T20:57:11","date_gmt":"2014-10-08T18:57:11","guid":{"rendered":"http:\/\/www.vereinfernsehturmdresden.de\/?page_id=488"},"modified":"2018-02-12T20:41:32","modified_gmt":"2018-02-12T19:41:32","slug":"pressemeldungen","status":"publish","type":"page","link":"https:\/\/www.vereinfernsehturmdresden.de\/?page_id=488","title":{"rendered":"Pressemeldungen"},"content":{"rendered":"<div class=\"page-wrapper\">\n<div id=\"page\" class=\"container\">\n<section class=\"paper container\">\n<section class=\"row\">\n<div class=\"content col-xs-12 col-sm-12 col-md-8\">\n<article class=\"news-singleview\" data-newsid=\"36083\">\n<header>\n<blockquote class=\"\">\n<div id=\"article\" class=\"georgia exported\">\n<p>Sehr geehrte Damen und Herren, liebe Fernsehturmfreunde,<\/p>\n<p>in der Phase unserer aktiven Mitarbeit in der Lenkungsgruppe \u201eFernsehturm zur Grundlagenermittlung f\u00fcr eine Wiederer\u00f6ffnung des Fernsehturms (Stadtratsbeschluss A0359\/17)\u201c, richten wir unsere vierte Veranstaltung im Rahmen der Vortragsreihe \u201equo vadis Fernsehturm\u201c aus.<\/p>\n<p><strong>am:<\/strong>&nbsp;&nbsp;&nbsp;&nbsp;&nbsp;&nbsp;&nbsp;&nbsp;&nbsp;&nbsp;&nbsp;&nbsp;&nbsp; 15. Februar 2018&nbsp;<\/p>\n<p><strong>um:<\/strong>&nbsp;&nbsp;&nbsp;&nbsp;&nbsp;&nbsp;&nbsp;&nbsp;&nbsp;&nbsp;&nbsp;&nbsp;&nbsp; 18:00 Uhr<\/p>\n<p><strong>im:<\/strong>&nbsp;&nbsp;&nbsp;&nbsp;&nbsp;&nbsp;&nbsp;&nbsp;&nbsp;&nbsp;&nbsp;&nbsp;&nbsp;&nbsp; Lingnerschloss, Bautzner Str. 132, 01099 Dresden (<a href=\"http:\/\/www.lingnerschloss.de\">www.lingnerschloss.de<\/a>)<\/p>\n<p><strong>Thema: <\/strong><strong>\u201eInfrastruktur und nachhaltige Mobilit\u00e4t\/Televersum \u2013 Chance f\u00fcr den Tourismus\u201c<\/strong><\/p>\n<p>Aus der erfolgreichen Kooperation der KONSUM DRESDEN eG, der S\u00e4chsischen Winzergenossenschaft Mei\u00dfen eG und dem Fernsehturm Dresden e. V. wird es zu Beginn unserer Veranstaltung eine erste Spenden\u00fcbergabe durch den Konsumvorstand Herrn Seifert an den Vereinsvorsitzenden Herrn Mittag geben.&nbsp;<\/p>\n<p><strong>Folgende Fachvortr\u00e4ge werden den G\u00e4sten geboten:<\/strong><\/p>\n<p><strong>&#8222;ScienceCenter &#8211;<\/strong><strong> Chancen und Risiken f\u00fcr die Zukunft&#8220; &#8211; <\/strong>Dr. Herbert M\u00fcnder Universum\u00ae Bremen<br \/>\n<strong>\u201eDresdner Experimente auf Raketen, Satelliten und der Raumstation&#8220; &#8211; <\/strong>Dr. Tino Schmiel&nbsp; TU Dresden<br \/>\nIm Anschluss an die Fachvortr\u00e4ge k\u00f6nnen die G\u00e4ste ihre Fragen an die Experten stellen. Die Moderation des Abends erfolgt durch Ralph Hausmann.&nbsp;<br \/>\nWir freuen, Sie am Donnerstagabend begr\u00fc\u00dfen zu d\u00fcrfen. Nach M\u00f6glichkeit informieren Sie uns bitte kurz zu ihrer Teilnahme unter Email: <a href=\"mailto:presse@vereinfernsehturmdresden.de\">presse@vereinfernsehturmdresden.de<\/a><\/p>\n<p>&nbsp;<\/p>\n<p>Mit freundlichen Gr\u00fc\u00dfen,<br \/>\nFernsehturm Dresden e. V.<\/p>\n<\/div>\n<h2 style=\"text-align: center;\">&nbsp;\u2022 \u2022 \u2022<\/h2>\n<div id=\"article\" class=\"georgia exported\">\n<div class=\"page\" style=\"text-align: center;\">\n<h1 class=\"title\" style=\"text-align: center;\">Fernsehturm hat gute Bausubstanz<\/h1>\n<h4 class=\"subhead\" style=\"text-align: center;\"><a href=\"http:\/\/www.sz-online.de\/nachrichten\/fernsehturm-hat-gute-bausubstanz-3762144.html\" target=\"_blank\" rel=\"noopener\">Die FDP macht Druck beim Thema Wiederer\u00f6ffnung. Auch der Denkmalschutzstatus des Turmes ist jetzt gekl\u00e4rt.<\/a><\/h4>\n<p><span class=\"\"> SZ online &#8211; Donnerstag, 31.08.2017 <\/span><a> <br class=\"\"><\/a><\/p>\n<\/div>\n<\/div>\n<\/blockquote>\n<h4><img decoding=\"async\" id=\"CC87FF0B-5723-49F9-BEAC-1549CEAF144F\" class=\"aligncenter\" src=\"https:\/\/webmailer.co\/ajax\/image\/mail\/picture?folder=default0%2FINBOX&amp;id=4280&amp;uid=02201083-69DA-4327-A82D-EB54CA962A3B%40fritz.box\" alt=\"Blick auf den Dresdner Fernsehturm\"><\/h4>\n<blockquote class=\"\">\n<div id=\"article\" class=\"georgia exported\">\n<div class=\"page\" style=\"text-align: center;\">\n<p>Blick auf den Dresdner Fernsehturm<\/p>\n<div class=\"\" style=\"text-align: center;\">\u00a9 Youssef Safwan<\/div>\n<p class=\"\" style=\"text-align: center;\">Es ist eines der derzeitigen Lieblingsthemen der FDP\/FB-Fraktion im Dresdner Stadtrat: der Fernsehturm und seine m\u00f6gliche Wiederer\u00f6ffnung f\u00fcr Besucher. Um Investoren zu gewinnen, m\u00fcssten die wissen, wie der Bauzustand und der Denkmalschutzstatus des Turmes ist, sagt FDP-Stadtrat Jens Genschmar. Das sei auch n\u00f6tig, um die Kosten f\u00fcr die Sanierung zu ermitteln. Oberb\u00fcrgermeister Dirk Hilbert (FDP) hat ihm darauf geantwortet.<\/p>\n<p class=\"\" style=\"text-align: center;\">Der Fernsehturm wurde am 23.&nbsp;April 1991 vom damaligen Institutes f\u00fcr Denkmalpflege, dem heutigen Landesamt f\u00fcr Denkmalpflege Sachsen, unter Denkmalschutz gestellt. Das beinhalte den gesamten \u201eTurm mit Ausstattung und Eingangshalle einschlie\u00dflich Terrasse als neues Wahrzeichen der Stadt charakterisierter Bau, mit seinen konstruktiven und technischen Parametern Bau und Technik, geschichtlich bedeutend, eines der gr\u00f6\u00dften Bauwerke dieser Art in Deutschland\u201c, hei\u00dft es in der Antwort des OB.<\/p>\n<p class=\"\" style=\"text-align: center;\">Die Bausubstanz des Turmes sei in gutem und gepflegtem Zustand. Gel\u00e4nde und Geb\u00e4ude w\u00fcrden \u00fcberwacht und baulich gegen Einbruch gesichert. Brennbare, f\u00fcr den Betrieb als Fernmeldeeinrichtung nicht ben\u00f6tigte Ausstattungsteile wurden bei Brandschutzma\u00dfnahmen in den Jahren ab 2007 entfernt, hei\u00dft es in der Antwort. Die letzte Begutachtung des Objektes durch die untere Denkmalschutzbeh\u00f6rde habe am 12. Oktober des Vorjahres stattgefunden, schreibt Hilbert weiter. Die FDP\/FB-Fraktion will im September einen Antrag in den Stadtrat einbringen, wonach der OB beauftragt wird, herauszufinden, unter welchen Bedingungen die Telekom einer Turmwiederer\u00f6ffnung zustimmen w\u00fcrde und wie ein k\u00fcnftiges Betreibermodell aussehen k\u00f6nnte.<\/p>\n<p class=\"\" style=\"text-align: center;\">Fraktionschef Holger Zastrow (FDP) gab sich k\u00fcrzlich optimistisch, dass die Telekom gespr\u00e4chsbereit sei. Laut einer Machbarkeitsstudie kostet die einfache Sanierung mit Caf\u00e9 sowie Besucherplattform rund 15,5&nbsp;Millionen Euro. (SZ\/kh mit rah)<\/p>\n<\/div>\n<\/div>\n<\/blockquote>\n<h2 style=\"text-align: center;\">&nbsp;\u2022 \u2022 \u2022<\/h2>\n<h4 class=\"pda-entry-title entry-title\" style=\"text-align: center;\"><a href=\"http:\/\/www.dnn.de\/Dresden\/Lokales\/FDP-FB-Fraktion-bringt-Fernsehturmantrag-in-Dresdner-Stadtrat-ein\" target=\"_blank\" rel=\"noopener\">FDP\/FB-Fraktion bringt Fernsehturmantrag in Dresdner Stadtrat ein<\/a><\/h4>\n<div class=\"pda-article-intro\" style=\"text-align: center;\">Die Fraktion aus FDP und Freie B\u00fcrger (FB) will mit einem Antrag im Stadtrat die Diskussion um die Wiederer\u00f6ffnung des Dresdner Fernsehturmes weiter voranbringen.<\/div>\n<div style=\"text-align: center;\">(DNN vom 22.08.2017)<\/div>\n<h2 style=\"text-align: center;\">\u2022 \u2022 \u2022<\/h2>\n<h4 style=\"text-align: center;\"><a href=\"http:\/\/www.sz-online.de\/nachrichten\/fdp-will-klarheit-beim-fernsehturm-3755311.html\" target=\"_blank\" rel=\"noopener\">FDP will Klarheit beim Fernsehturm<\/a><\/h4>\n<p style=\"text-align: center;\">Lange wurde Dresdens h\u00f6chstes Bauwerk kaum beachtet. Jetzt besch\u00e4ftigt es die Stadtpolitik.<br \/>\n(S\u00e4chsisch Zeitung vom 22.08.2017)<\/p>\n<h4>&nbsp;<\/h4>\n<h2 style=\"text-align: center;\">\u2022 \u2022 \u2022<\/h2>\n<h4 style=\"text-align: center;\"><a href=\"http:\/\/www.wochenkurier.info\/sachsen\/dresden\/artikel\/fernsehturm-die-buerger-muessen-sie-ihn-sich-zurueckholen-36083\/\" target=\"_blank\" rel=\"noopener\">Fernsehturm: &#8222;Die B\u00fcrger m\u00fcssen ihn sich zur\u00fcckholen&#8220;<\/a><\/h4>\n<p style=\"text-align: center;\">&#8222;Verein sieht Telekom in der Pflicht und will B\u00fcrgerbegehren&#8220; Wochenkurier vom 10.08.2017<\/p>\n<p style=\"text-align: center;\">&nbsp;<\/p>\n<\/header>\n<\/article>\n<\/div>\n<\/section>\n<\/section>\n<\/div>\n<\/div>\n<p style=\"text-align: center;\">&nbsp;<\/p>\n<h2 style=\"text-align: center;\">\u2022 \u2022 \u2022<\/h2>\n<h4 style=\"text-align: center;\"><a href=\"http:\/\/www.afd-fraktion-dresden.de\/files\/afd\/bilder\/fraktionszeitung\/Ausgabe%2002-2017\/AfD_Fraktionszeitung_02-2017.pdf\" target=\"_blank\" rel=\"noopener noreferrer\">ALTERNATIVEN F\u00dcR DRESDEN<\/a><\/h4>\n<p style=\"text-align: center;\">Informationen der AfD-Fraktion im Stadtrat Dresden<\/p>\n<p style=\"text-align: center;\">&#8222;Die B\u00fcrger sollen entscheiden!&#8220;<\/p>\n<p style=\"text-align: center;\"><a href=\"http:\/\/www.afd-fraktion-dresden.de\/files\/afd\/bilder\/fraktionszeitung\/Ausgabe%2002-2017\/AfD_Fraktionszeitung_02-2017.pdf\" target=\"_blank\" rel=\"noopener noreferrer\"><img loading=\"lazy\" decoding=\"async\" class=\" wp-image-1599 alignnone\" src=\"http:\/\/www.vereinfernsehturmdresden.de\/wp-content\/uploads\/2014\/10\/AFD_DD.png\" alt=\"\" width=\"501\" height=\"587\" srcset=\"https:\/\/www.vereinfernsehturmdresden.de\/wp-content\/uploads\/2014\/10\/AFD_DD.png 603w, https:\/\/www.vereinfernsehturmdresden.de\/wp-content\/uploads\/2014\/10\/AFD_DD-256x300.png 256w, https:\/\/www.vereinfernsehturmdresden.de\/wp-content\/uploads\/2014\/10\/AFD_DD-230x270.png 230w, https:\/\/www.vereinfernsehturmdresden.de\/wp-content\/uploads\/2014\/10\/AFD_DD-350x410.png 350w, https:\/\/www.vereinfernsehturmdresden.de\/wp-content\/uploads\/2014\/10\/AFD_DD-480x563.png 480w\" sizes=\"(max-width: 501px) 100vw, 501px\" \/><\/a><\/p>\n<h2 style=\"text-align: center;\">\u2022 \u2022 \u2022<\/h2>\n<h4 style=\"text-align: center;\"><a href=\"http:\/\/www.fdp-fraktion-dresden.de\/pdf\/pdf_1741.pdf\" target=\"_blank\" rel=\"noopener noreferrer\">Freie Dresdner Ratsdepesche<\/a><\/h4>\n<p style=\"text-align: center;\">informationen der FDP\/FB-Fraktion im stadtrat der Landeshauptstadt Dresden<\/p>\n<p style=\"text-align: center;\">&#8222;Chance f\u00fcr zweiten Fr\u00fchling&#8220;<\/p>\n<div id=\"attachment_1598\" class=\"wp-caption aligncenter\" style=\"width: 581px\"><a href=\"http:\/\/www.fdp-fraktion-dresden.de\/pdf\/pdf_1741.pdf\" target=\"_blank\" rel=\"noopener noreferrer\"><img loading=\"lazy\" decoding=\"async\" class=\"wp-image-1598\" src=\"http:\/\/www.vereinfernsehturmdresden.de\/wp-content\/uploads\/2014\/10\/RDFDP.png\" alt=\"\" width=\"571\" height=\"290\" srcset=\"https:\/\/www.vereinfernsehturmdresden.de\/wp-content\/uploads\/2014\/10\/RDFDP.png 1021w, https:\/\/www.vereinfernsehturmdresden.de\/wp-content\/uploads\/2014\/10\/RDFDP-300x152.png 300w, https:\/\/www.vereinfernsehturmdresden.de\/wp-content\/uploads\/2014\/10\/RDFDP-768x390.png 768w, https:\/\/www.vereinfernsehturmdresden.de\/wp-content\/uploads\/2014\/10\/RDFDP-830x421.png 830w, https:\/\/www.vereinfernsehturmdresden.de\/wp-content\/uploads\/2014\/10\/RDFDP-230x117.png 230w, https:\/\/www.vereinfernsehturmdresden.de\/wp-content\/uploads\/2014\/10\/RDFDP-350x178.png 350w, https:\/\/www.vereinfernsehturmdresden.de\/wp-content\/uploads\/2014\/10\/RDFDP-480x244.png 480w\" sizes=\"(max-width: 571px) 100vw, 571px\" \/><\/a><p class=\"wp-caption-text\">Quelle: Freie Dresdner Ratsdepesche 02\/2017<\/p><\/div>\n<h2 style=\"text-align: center;\">\u2022 \u2022 \u2022<\/h2>\n<h4 style=\"text-align: center;\">Statements zum Fernsehturm\/Televersum aus Dresden:<\/h4>\n<p style=\"text-align: center;\">Prof. Ulrich Walter &nbsp;TUM: <em>&nbsp;&nbsp;\u201eEin Science Center im Dresdner Fernsehturm, eine Idee die \u00fcberzeugt. Da treffen sich Technik und Wissenschaft zu einer Symbiose.\u201c<\/em><\/p>\n<p style=\"text-align: center;\">Prof. Martin Tajmar TUD: &nbsp;<em>\u201eEin Science Center als Wahrzeichen f\u00fcr die Wissenschafts-Stadt Dresden \u2013 ideal verbunden mit dem Fernsehturm, das w\u00e4re ein echtes Highlight f\u00fcr Dresden und seine G\u00e4ste!&#8220;<\/em><\/p>\n<p style=\"text-align: center;\">Karin Hildebrand Gesch\u00e4ftsleitung der S\u00e4chsischen Dampfschiffahrt:<i> Das Projekt \u201eWiederbelebung des Dresdner Fernsehturms\u201c <\/i><i>schafft einen hohen Mehrwert als touristisches Ausflugsziel, als wissenschaftliches Unterhaltungszentrum und \u00fcbermittelt eine positive Botschaft \u00fcber Sachsens Grenzen hinaus. Der Fernsehturm in der geplanten Nutzung k\u00f6nnte k\u00fcnftig als gro\u00dfartige touristische Attraktion Einheimischen und G\u00e4sten aus nah und fern als interessanter Reiseanlass dienen und ist deshalb auch f\u00fcr die S\u00e4chsische Dampfschiffahrt von gro\u00dfer Bedeutung.<\/i><i><br \/>\n<\/i><\/p>\n<p style=\"text-align: center;\">Torsten Kulke, 1. Vorstandsvorsitzender, Gesellschaft Historischer Neumarkt Dresden e.V.: <em>\u201eAls August der Starke im 18. Jahrhundert den Gesandten und Herrschern seine Sammlungen zeigte, war das Erstaunen und die Bewunderung gro\u00df \u00fcber die s\u00e4chsischen Fertigkeiten und Erfindungen. Transferieren wir dies ins 21. Jahrhundert und zeigen wir in einer Leistungsschau die heutigen gewaltigen Leistungen s\u00e4chsischer Ingenieurskunst und Wissenschaft in einem Fernsehturm mit Science Center\/Televersum. Dies kann ein Hotspot werden der Jung und Alt begeistert. Machen wir diese Vision zur Wirklichkeit und packen es an!\u201c<\/em><\/p>\n<p style=\"text-align: center;\">&nbsp;<\/p>\n<p style=\"text-align: center;\">Karl Schwald, Gesch\u00e4ftsf\u00fchrender Gesellschafter ELASKON Sachsen GmbH &amp; Co. KG: &#8222;Die angestrebte &nbsp;Machbarkeitsstudie ist sicher der richtige Weg, um hier weiter voran zu kommen. Ich pers\u00f6nlich finde das Projekt aus verschiedenen Gr\u00fcnden nicht nur f\u00fcr die B\u00fcrger in und um Dresden hoch interessant. Neben der historischen Altstadt, den Schl\u00f6ssern und den Elbwiesen braucht Dresden aus meiner Sicht ein zus\u00e4tzliches, modernes &nbsp;Besuchermagnet. Der Fernsehturm mit Gastronomie, in Kombination mit einem Scientainmentcenters und\/oder einem Planetarium und dem Angebot an gro\u00dffl\u00e4chigen Ausstellungsfl\u00e4chen w\u00fcrde hier ganz sicher alle Voraussetzungen erf\u00fcllen, um unsere Stadt f\u00fcr Besucher aus dem &nbsp;In- und Ausland noch interessanter zu machen. Eine gro\u00dfe Herausforderung wird mit Sicherheit die infrastrukturelle Anbindung des Projekts. Hier begeistert mich besonders die angedachte L\u00f6sung mit einer Personenseilbahn \u00fcber das Elbtal und das nicht deshalb, weil wir als Elaskon einen sehr direkten Bezug zu allen Drahtseilbahnen haben. Ich pers\u00f6nlich glaube, dass dies die einzige L\u00f6sung ist, mit der &nbsp;anstehende Themen wie Busverkehr, Parkpl\u00e4tze und Besuchertransfer zu bew\u00e4ltigen sein werden. Ich bin sehr gespannt auf das Ergebnis der in Arbeit befindlichen Machbarkeitsstudie&#8230;&#8220;<\/p>\n<h2 style=\"text-align: center;\">\u2022 \u2022 \u2022<\/h2>\n<h4 style=\"text-align: center;\">Wochenkurier 28.12.2016<\/h4>\n<h3 style=\"text-align: center;\"><img loading=\"lazy\" decoding=\"async\" class=\"aligncenter wp-image-1501\" src=\"http:\/\/www.vereinfernsehturmdresden.de\/wp-content\/uploads\/2014\/10\/Wochenkurier-28.12.2016-1024x764.jpg\" alt=\"wochenkurier-28-12-2016\" width=\"800\" height=\"597\" srcset=\"https:\/\/www.vereinfernsehturmdresden.de\/wp-content\/uploads\/2014\/10\/Wochenkurier-28.12.2016-1024x764.jpg 1024w, https:\/\/www.vereinfernsehturmdresden.de\/wp-content\/uploads\/2014\/10\/Wochenkurier-28.12.2016-300x224.jpg 300w, https:\/\/www.vereinfernsehturmdresden.de\/wp-content\/uploads\/2014\/10\/Wochenkurier-28.12.2016-768x573.jpg 768w, https:\/\/www.vereinfernsehturmdresden.de\/wp-content\/uploads\/2014\/10\/Wochenkurier-28.12.2016-830x619.jpg 830w, https:\/\/www.vereinfernsehturmdresden.de\/wp-content\/uploads\/2014\/10\/Wochenkurier-28.12.2016-230x172.jpg 230w, https:\/\/www.vereinfernsehturmdresden.de\/wp-content\/uploads\/2014\/10\/Wochenkurier-28.12.2016-350x261.jpg 350w, https:\/\/www.vereinfernsehturmdresden.de\/wp-content\/uploads\/2014\/10\/Wochenkurier-28.12.2016-480x358.jpg 480w, https:\/\/www.vereinfernsehturmdresden.de\/wp-content\/uploads\/2014\/10\/Wochenkurier-28.12.2016.jpg 1347w\" sizes=\"(max-width: 800px) 100vw, 800px\" \/><\/h3>\n<h2 style=\"text-align: center;\">\u2022 \u2022 \u2022<\/h2>\n<h4 style=\"text-align: center;\">Pressemitteilung des Fernsehturm Dresden e.V.<\/h4>\n<p style=\"text-align: center;\">F\u00fcr den 14.12.2016 ist der offizielle Verkaufsstart der Sonderedition &#8211; Vision f\u00fcr Dresden \u201eTeleversum\u201c geplant. Ab 10:00 Uhr soll an diesem Tag in der Kleinen Br\u00fcdergasse 3, 01067 Dresden der Verkaufsstart, von einer kleinen Pressekonferenz begleitet, eingel\u00e4utet werden. Zum Preis von 25,00 EUR gibt es hochwertige regionale Produkte, die sich in ihrer Art und Gestalt dem Thema Fernsehturm widmen. Neben dem Sekt, den wir hoffentlich bald wieder im Turmcaf\u00e9 werden trinken k\u00f6nnen, sollen die zwei besonderen Gl\u00e4ser die elegante Architektur und Form des Dresdner Fernsehturmes repr\u00e4sentieren. Mit der versehenen Gravur sind Sie auf jeden Fall ein toller Blickfang und ein absolutes Muss f\u00fcr jeden Fernsehturmfreund.<\/p>\n<p style=\"text-align: center;\">Ab 17:00 Uhr wird es an diesem Tag eine Autogrammstunde mit Uwe Steimle geben, zu der wir Interessenten der Sonderedition herzlich einladen.<\/p>\n<p style=\"text-align: center;\">Sonderedition &#8211; Vision f\u00fcr Dresden \u201eTeleversum\u201c \u00ad- Dresdner B\u00fcrger, mit Spritzigkeit f\u00fcr ihre Stadt!<\/p>\n<p style=\"text-align: center;\">&nbsp;<\/p>\n<div id=\"attachment_1427\" class=\"wp-caption aligncenter\" style=\"width: 360px\"><img loading=\"lazy\" decoding=\"async\" class=\"wp-image-1427\" src=\"http:\/\/www.vereinfernsehturmdresden.de\/wp-content\/uploads\/2014\/10\/Sekt-Kiste-808x1024.jpg\" alt=\"sekt-kiste\" width=\"350\" height=\"444\" srcset=\"https:\/\/www.vereinfernsehturmdresden.de\/wp-content\/uploads\/2014\/10\/Sekt-Kiste-808x1024.jpg 808w, https:\/\/www.vereinfernsehturmdresden.de\/wp-content\/uploads\/2014\/10\/Sekt-Kiste-237x300.jpg 237w, https:\/\/www.vereinfernsehturmdresden.de\/wp-content\/uploads\/2014\/10\/Sekt-Kiste-768x974.jpg 768w, https:\/\/www.vereinfernsehturmdresden.de\/wp-content\/uploads\/2014\/10\/Sekt-Kiste-830x1052.jpg 830w, https:\/\/www.vereinfernsehturmdresden.de\/wp-content\/uploads\/2014\/10\/Sekt-Kiste-230x292.jpg 230w, https:\/\/www.vereinfernsehturmdresden.de\/wp-content\/uploads\/2014\/10\/Sekt-Kiste-350x444.jpg 350w, https:\/\/www.vereinfernsehturmdresden.de\/wp-content\/uploads\/2014\/10\/Sekt-Kiste-480x608.jpg 480w, https:\/\/www.vereinfernsehturmdresden.de\/wp-content\/uploads\/2014\/10\/Sekt-Kiste.jpg 1024w\" sizes=\"(max-width: 350px) 100vw, 350px\" \/><p class=\"wp-caption-text\">Symbolbild<\/p><\/div>\n<p style=\"text-align: center;\"><img loading=\"lazy\" decoding=\"async\" class=\"alignnone wp-image-1428\" src=\"http:\/\/www.vereinfernsehturmdresden.de\/wp-content\/uploads\/2014\/10\/155412-1_BD-1024x669.jpg\" alt=\"155412-1_bd\" width=\"680\" height=\"444\" srcset=\"https:\/\/www.vereinfernsehturmdresden.de\/wp-content\/uploads\/2014\/10\/155412-1_BD.jpg 1024w, https:\/\/www.vereinfernsehturmdresden.de\/wp-content\/uploads\/2014\/10\/155412-1_BD-300x196.jpg 300w, https:\/\/www.vereinfernsehturmdresden.de\/wp-content\/uploads\/2014\/10\/155412-1_BD-768x502.jpg 768w, https:\/\/www.vereinfernsehturmdresden.de\/wp-content\/uploads\/2014\/10\/155412-1_BD-830x542.jpg 830w, https:\/\/www.vereinfernsehturmdresden.de\/wp-content\/uploads\/2014\/10\/155412-1_BD-230x150.jpg 230w, https:\/\/www.vereinfernsehturmdresden.de\/wp-content\/uploads\/2014\/10\/155412-1_BD-350x229.jpg 350w, https:\/\/www.vereinfernsehturmdresden.de\/wp-content\/uploads\/2014\/10\/155412-1_BD-480x314.jpg 480w\" sizes=\"(max-width: 680px) 100vw, 680px\" \/><\/p>\n<h2 style=\"text-align: center;\">\u2022 \u2022 \u2022<\/h2>\n<p style=\"text-align: center;\">&nbsp;<\/p>\n<h4 style=\"text-align: center;\">Der Elbhangkurier vom November 2016 ruft seine Leser auf, eigene Erinnerungen zur Unterst\u00fctzung des Vereins\/der Vereins-Website einzusenden:<\/h4>\n<p style=\"text-align: center;\"><img loading=\"lazy\" decoding=\"async\" class=\"alignnone size-full wp-image-1333\" src=\"http:\/\/www.vereinfernsehturmdresden.de\/wp-content\/uploads\/2014\/10\/EHK_11_2016.jpg\" alt=\"ehk_11_2016\" width=\"310\" height=\"236\" srcset=\"https:\/\/www.vereinfernsehturmdresden.de\/wp-content\/uploads\/2014\/10\/EHK_11_2016.jpg 310w, https:\/\/www.vereinfernsehturmdresden.de\/wp-content\/uploads\/2014\/10\/EHK_11_2016-300x228.jpg 300w, https:\/\/www.vereinfernsehturmdresden.de\/wp-content\/uploads\/2014\/10\/EHK_11_2016-230x175.jpg 230w\" sizes=\"(max-width: 310px) 100vw, 310px\" \/><\/p>\n<h4 style=\"text-align: center;\">Elbhangkurier vom September 2016<\/h4>\n<p style=\"text-align: center;\"><a href=\"http:\/\/www.vereinfernsehturmdresden.de\/wp-content\/uploads\/2016\/09\/EHK-Fernsehturm-160901.pdf\" target=\"_blank\" rel=\"noopener noreferrer\">Televersum &#8211; Fernsehturm &#8211; ein k\u00fcnftiger Hotspot f\u00fcr Dresden?<\/a><\/p>\n<p style=\"text-align: center;\"><a href=\"http:\/\/www.vereinfernsehturmdresden.de\/wp-content\/uploads\/2016\/09\/EHK-Fernsehturm-160901.pdf\" target=\"_blank\" rel=\"noopener noreferrer\"><img loading=\"lazy\" decoding=\"async\" class=\"wp-image-1263 alignnone\" src=\"http:\/\/www.vereinfernsehturmdresden.de\/wp-content\/uploads\/2014\/10\/EHK_09_2016.jpg\" alt=\"ehk_09_2016\" width=\"461\" height=\"336\" srcset=\"https:\/\/www.vereinfernsehturmdresden.de\/wp-content\/uploads\/2014\/10\/EHK_09_2016.jpg 425w, https:\/\/www.vereinfernsehturmdresden.de\/wp-content\/uploads\/2014\/10\/EHK_09_2016-300x219.jpg 300w, https:\/\/www.vereinfernsehturmdresden.de\/wp-content\/uploads\/2014\/10\/EHK_09_2016-230x168.jpg 230w, https:\/\/www.vereinfernsehturmdresden.de\/wp-content\/uploads\/2014\/10\/EHK_09_2016-350x255.jpg 350w\" sizes=\"(max-width: 461px) 100vw, 461px\" \/><\/a><\/p>\n<p style=\"text-align: center;\">&nbsp;<\/p>\n<h2 style=\"text-align: center;\">\u2022 \u2022 \u2022<\/h2>\n<h4 style=\"text-align: center;\">Ein Mitschnitt der Vereins-Pressekonferenz<\/h4>\n<p style=\"text-align: center;\">&#8230;vom 10.08.2016 ist unter folgendem Link erreichbar:&nbsp;&nbsp; <a href=\"https:\/\/youtu.be\/EHg_DXPC0ZI\" target=\"_blank\" rel=\"noopener noreferrer\">https:\/\/youtu.be\/EHg_DXPC0ZI<\/a><br \/>\nVielen Dank daf\u00fcr an Andreas Tutsch (Dresdenpix.de)<\/p>\n<h2 style=\"text-align: center;\">\u2022 \u2022 \u2022<\/h2>\n<h3 style=\"text-align: center;\"><a href=\"http:\/\/www.vereinfernsehturmdresden.de\/wp-content\/uploads\/2014\/10\/SZ_20160812_S8.jpg\" target=\"_blank\" rel=\"noopener noreferrer\"><img loading=\"lazy\" decoding=\"async\" class=\"aligncenter wp-image-1236 size-full\" src=\"http:\/\/www.vereinfernsehturmdresden.de\/wp-content\/uploads\/2014\/10\/SZ_20160812_S8.jpg\" alt=\"SZ_20160812_S8\" width=\"4200\" height=\"1805\" srcset=\"https:\/\/www.vereinfernsehturmdresden.de\/wp-content\/uploads\/2014\/10\/SZ_20160812_S8.jpg 4200w, https:\/\/www.vereinfernsehturmdresden.de\/wp-content\/uploads\/2014\/10\/SZ_20160812_S8-300x129.jpg 300w, https:\/\/www.vereinfernsehturmdresden.de\/wp-content\/uploads\/2014\/10\/SZ_20160812_S8-768x330.jpg 768w, https:\/\/www.vereinfernsehturmdresden.de\/wp-content\/uploads\/2014\/10\/SZ_20160812_S8-1024x440.jpg 1024w\" sizes=\"(max-width: 4200px) 100vw, 4200px\" \/><\/a> <a href=\"http:\/\/www.vereinfernsehturmdresden.de\/wp-content\/uploads\/2014\/10\/SZ_-20160811_S13_1.jpg\" target=\"_blank\" rel=\"noopener noreferrer\"><img loading=\"lazy\" decoding=\"async\" class=\"aligncenter wp-image-1239 size-full\" src=\"http:\/\/www.vereinfernsehturmdresden.de\/wp-content\/uploads\/2014\/10\/SZ_-20160811_S13_1.jpg\" alt=\"SZ_-20160811_S13_1\" width=\"1564\" height=\"1240\" srcset=\"https:\/\/www.vereinfernsehturmdresden.de\/wp-content\/uploads\/2014\/10\/SZ_-20160811_S13_1.jpg 1564w, https:\/\/www.vereinfernsehturmdresden.de\/wp-content\/uploads\/2014\/10\/SZ_-20160811_S13_1-300x238.jpg 300w, https:\/\/www.vereinfernsehturmdresden.de\/wp-content\/uploads\/2014\/10\/SZ_-20160811_S13_1-768x609.jpg 768w, https:\/\/www.vereinfernsehturmdresden.de\/wp-content\/uploads\/2014\/10\/SZ_-20160811_S13_1-1024x812.jpg 1024w\" sizes=\"(max-width: 1564px) 100vw, 1564px\" \/><\/a><\/h3>\n<h3 style=\"text-align: center;\"><a href=\"http:\/\/www.vereinfernsehturmdresden.de\/wp-content\/uploads\/2014\/10\/SZ_-20160811_S13_2.jpg\" target=\"_blank\" rel=\"noopener noreferrer\"><img loading=\"lazy\" decoding=\"async\" class=\"aligncenter wp-image-1240 size-full\" src=\"http:\/\/www.vereinfernsehturmdresden.de\/wp-content\/uploads\/2014\/10\/SZ_-20160811_S13_2.jpg\" alt=\"SZ_-20160811_S13_2\" width=\"1570\" height=\"775\" srcset=\"https:\/\/www.vereinfernsehturmdresden.de\/wp-content\/uploads\/2014\/10\/SZ_-20160811_S13_2.jpg 1570w, https:\/\/www.vereinfernsehturmdresden.de\/wp-content\/uploads\/2014\/10\/SZ_-20160811_S13_2-300x148.jpg 300w, https:\/\/www.vereinfernsehturmdresden.de\/wp-content\/uploads\/2014\/10\/SZ_-20160811_S13_2-768x379.jpg 768w, https:\/\/www.vereinfernsehturmdresden.de\/wp-content\/uploads\/2014\/10\/SZ_-20160811_S13_2-1024x505.jpg 1024w\" sizes=\"(max-width: 1570px) 100vw, 1570px\" \/><\/a><\/h3>\n<h3 style=\"text-align: center;\"><a href=\"http:\/\/www.vereinfernsehturmdresden.de\/wp-content\/uploads\/2014\/10\/SZ_-20160811_S1.jpg\" target=\"_blank\" rel=\"noopener noreferrer\"><img loading=\"lazy\" decoding=\"async\" class=\"aligncenter wp-image-1238 size-full\" src=\"http:\/\/www.vereinfernsehturmdresden.de\/wp-content\/uploads\/2014\/10\/SZ_-20160811_S1.jpg\" alt=\"SZ_-20160811_S1\" width=\"1536\" height=\"702\" srcset=\"https:\/\/www.vereinfernsehturmdresden.de\/wp-content\/uploads\/2014\/10\/SZ_-20160811_S1.jpg 1536w, https:\/\/www.vereinfernsehturmdresden.de\/wp-content\/uploads\/2014\/10\/SZ_-20160811_S1-300x137.jpg 300w, https:\/\/www.vereinfernsehturmdresden.de\/wp-content\/uploads\/2014\/10\/SZ_-20160811_S1-768x351.jpg 768w, https:\/\/www.vereinfernsehturmdresden.de\/wp-content\/uploads\/2014\/10\/SZ_-20160811_S1-1024x468.jpg 1024w\" sizes=\"(max-width: 1536px) 100vw, 1536px\" \/><\/a><\/h3>\n<h2 style=\"text-align: center;\">\u2022 \u2022 \u2022<\/h2>\n<h4 style=\"text-align: center;\">Hier finden Sie die Unterlagen zur Vereins-Pressekonferenz vom 10.08.2016 als&nbsp; Download<\/h4>\n<p style=\"text-align: center;\">Prof. R. Dietze<\/p>\n<p style=\"text-align: center;\"><a href=\"http:\/\/www.vereinfernsehturmdresden.de\/wp-content\/uploads\/2016\/08\/VK-FST.pdf\" target=\"_blank\" rel=\"noopener noreferrer\">integriertes und nachhaltiges Verkehrskonzept f\u00fcr den FST in DD<\/a><\/p>\n<p style=\"text-align: center;\">Prof. A. Lux &nbsp;Masterarbeiten-Visionen<\/p>\n<p style=\"text-align: center;\" data-canvas-width=\"388.6563891709026\"><a href=\"http:\/\/www.vereinfernsehturmdresden.de\/wp-content\/uploads\/2016\/09\/PRESSE-FST-DD_Freigabe-1_anp.pdf\">TELEVERSUM FERNSEHTURM DRESDEN, PROJEKTVORSTELLUNG ENTWURF 3. SEMESTER MASTER \u2013 STUDIENGANG ARCHITEKTUR<\/a><\/p>\n<div style=\"text-align: center;\" data-canvas-width=\"388.6563891709026\">&nbsp;<\/div>\n<div style=\"text-align: center;\" data-canvas-width=\"388.6563891709026\">&nbsp;<\/div>\n<p style=\"text-align: center;\">Prof. W. Fischer<\/p>\n<p style=\"text-align: center;\"><a href=\"http:\/\/www.vereinfernsehturmdresden.de\/wp-content\/uploads\/2016\/08\/160810_vorstellung_fst.pdf\" target=\"_blank\" rel=\"noopener noreferrer\">Arbeiten\/Untersuchungen zur landschaftlichen Einordnung &#8211; Visionen<\/a><\/p>\n<p style=\"text-align: center;\">K.U.L.T.OBJEKT- Visualisierung Televersum und Presseinformation (Bitte beachten Sie die nachfolgenden Bedingungen der K.U.L.T.OBJEKT!<\/p>\n<p style=\"text-align: center;\"><a href=\"http:\/\/presse-televersum.kultobjekt.info\" target=\"_blank\" rel=\"noopener noreferrer\"><img loading=\"lazy\" decoding=\"async\" class=\"aligncenter wp-image-1179\" src=\"http:\/\/www.vereinfernsehturmdresden.de\/wp-content\/uploads\/2014\/10\/Kultobjekt_Bedingungen.jpg\" alt=\"Kultobjekt_Bedingungen\" width=\"627\" height=\"856\" srcset=\"https:\/\/www.vereinfernsehturmdresden.de\/wp-content\/uploads\/2014\/10\/Kultobjekt_Bedingungen.jpg 668w, https:\/\/www.vereinfernsehturmdresden.de\/wp-content\/uploads\/2014\/10\/Kultobjekt_Bedingungen-220x300.jpg 220w\" sizes=\"(max-width: 627px) 100vw, 627px\" \/><\/a><\/p>\n<p style=\"text-align: center;\"><iframe loading=\"lazy\" src=\"https:\/\/player.vimeo.com\/video\/178464603\" allowfullscreen=\"allowfullscreen\" width=\"640\" height=\"360\" frameborder=\"0\"><\/iframe><\/p>\n<p style=\"text-align: center;\">\n<div class=\"ngg-galleryoverview ngg-slideshow\"\n\tid=\"ngg-slideshow-8a46f2b2d09549fa842659260ba952f1-1963057720\"\n\tdata-nextgen-gallery-id=\"10\"\n\tdata-gallery-id=\"8a46f2b2d09549fa842659260ba952f1\"\n\t\tdata-gallery-name=\"PK_2016_08_10\"\n\t\tstyle=\"max-width: 400px;\n\t\t\tmax-height: 400px;\n\t\t\tdisplay: none;\">\n\n\t\n\t\t<a href=\"https:\/\/www.vereinfernsehturmdresden.de\/wp-content\/gallery\/pk_2016_08_10\/2016_Aug_10_IMG_7693.jpg?t=1666304886\"\n\t\t\ttitle=\"Bildrechte - Andreas Tutsch - www.dresdenpix.de\"\n\t\t\tdata-src=\"https:\/\/www.vereinfernsehturmdresden.de\/wp-content\/gallery\/pk_2016_08_10\/2016_Aug_10_IMG_7693.jpg?t=1666304886\"\n\t\t\tdata-thumbnail=\"https:\/\/www.vereinfernsehturmdresden.de\/wp-content\/gallery\/pk_2016_08_10\/thumbs\/thumbs_2016_Aug_10_IMG_7693.jpg?t=1666304886\"\n\t\t\tdata-image-id=\"173\"\n\t\t\tdata-image-name=\"2016_Aug_10_IMG_7693.jpg\"\n\t\t\tdata-title=\"2016_Aug_10_IMG_7693\"\n\t\t\tdata-description=\"Bildrechte - Andreas Tutsch - www.dresdenpix.de\"\n\t\t\t\t\t\t\t\t\t\t\t\t\t\t\tclass=\"ngg-simplelightbox\" rel=\"8a46f2b2d09549fa842659260ba952f1\">\n\t\t\t\n\t\t\t<img data-image-id='173'\n\t\t\t\ttitle=\"Bildrechte - Andreas Tutsch - www.dresdenpix.de\"\n\t\t\t\talt=\"2016_Aug_10_IMG_7693\"\n\t\t\t\tsrc=\"https:\/\/www.vereinfernsehturmdresden.de\/wp-content\/gallery\/pk_2016_08_10\/2016_Aug_10_IMG_7693.jpg?t=1666304886\"\n\t\t\t\tstyle=\"max-height: 380px;\"\/>\n\t\t<\/a>\n\n\t\t\n\t\t<a href=\"https:\/\/www.vereinfernsehturmdresden.de\/wp-content\/gallery\/pk_2016_08_10\/2016_Aug_10_IMG_7705.jpg?t=1575916149\"\n\t\t\ttitle=\"Bildrechte - Andreas Tutsch - www.dresdenpix.de\"\n\t\t\tdata-src=\"https:\/\/www.vereinfernsehturmdresden.de\/wp-content\/gallery\/pk_2016_08_10\/2016_Aug_10_IMG_7705.jpg?t=1575916149\"\n\t\t\tdata-thumbnail=\"https:\/\/www.vereinfernsehturmdresden.de\/wp-content\/gallery\/pk_2016_08_10\/thumbs\/thumbs_2016_Aug_10_IMG_7705.jpg?t=1575916149\"\n\t\t\tdata-image-id=\"175\"\n\t\t\tdata-image-name=\"2016_Aug_10_IMG_7705.jpg\"\n\t\t\tdata-title=\"2016_Aug_10_IMG_7705\"\n\t\t\tdata-description=\"Bildrechte - Andreas Tutsch - www.dresdenpix.de\"\n\t\t\t\t\t\t\t\t\t\t\t\t\t\t\tclass=\"ngg-simplelightbox\" rel=\"8a46f2b2d09549fa842659260ba952f1\">\n\t\t\t\n\t\t\t<img data-image-id='175'\n\t\t\t\ttitle=\"Bildrechte - Andreas Tutsch - www.dresdenpix.de\"\n\t\t\t\talt=\"2016_Aug_10_IMG_7705\"\n\t\t\t\tsrc=\"https:\/\/www.vereinfernsehturmdresden.de\/wp-content\/gallery\/pk_2016_08_10\/2016_Aug_10_IMG_7705.jpg?t=1575916149\"\n\t\t\t\tstyle=\"max-height: 380px;\"\/>\n\t\t<\/a>\n\n\t\t\n\t\t<a href=\"https:\/\/www.vereinfernsehturmdresden.de\/wp-content\/gallery\/pk_2016_08_10\/2016_Aug_10_IMG_7708.jpg?t=1575916149\"\n\t\t\ttitle=\"Bildrechte - Andreas Tutsch - www.dresdenpix.de\"\n\t\t\tdata-src=\"https:\/\/www.vereinfernsehturmdresden.de\/wp-content\/gallery\/pk_2016_08_10\/2016_Aug_10_IMG_7708.jpg?t=1575916149\"\n\t\t\tdata-thumbnail=\"https:\/\/www.vereinfernsehturmdresden.de\/wp-content\/gallery\/pk_2016_08_10\/thumbs\/thumbs_2016_Aug_10_IMG_7708.jpg?t=1575916149\"\n\t\t\tdata-image-id=\"176\"\n\t\t\tdata-image-name=\"2016_Aug_10_IMG_7708.jpg\"\n\t\t\tdata-title=\"2016_Aug_10_IMG_7708\"\n\t\t\tdata-description=\"Bildrechte - Andreas Tutsch - www.dresdenpix.de\"\n\t\t\t\t\t\t\t\t\t\t\t\t\t\t\tclass=\"ngg-simplelightbox\" rel=\"8a46f2b2d09549fa842659260ba952f1\">\n\t\t\t\n\t\t\t<img data-image-id='176'\n\t\t\t\ttitle=\"Bildrechte - Andreas Tutsch - www.dresdenpix.de\"\n\t\t\t\talt=\"2016_Aug_10_IMG_7708\"\n\t\t\t\tsrc=\"https:\/\/www.vereinfernsehturmdresden.de\/wp-content\/gallery\/pk_2016_08_10\/2016_Aug_10_IMG_7708.jpg?t=1575916149\"\n\t\t\t\tstyle=\"max-height: 380px;\"\/>\n\t\t<\/a>\n\n\t\t\n\t\t<a href=\"https:\/\/www.vereinfernsehturmdresden.de\/wp-content\/gallery\/pk_2016_08_10\/2016_Aug_10_IMG_7709.jpg?t=1575916149\"\n\t\t\ttitle=\"Bildrechte - Andreas Tutsch - www.dresdenpix.de\"\n\t\t\tdata-src=\"https:\/\/www.vereinfernsehturmdresden.de\/wp-content\/gallery\/pk_2016_08_10\/2016_Aug_10_IMG_7709.jpg?t=1575916149\"\n\t\t\tdata-thumbnail=\"https:\/\/www.vereinfernsehturmdresden.de\/wp-content\/gallery\/pk_2016_08_10\/thumbs\/thumbs_2016_Aug_10_IMG_7709.jpg?t=1575916149\"\n\t\t\tdata-image-id=\"177\"\n\t\t\tdata-image-name=\"2016_Aug_10_IMG_7709.jpg\"\n\t\t\tdata-title=\"2016_Aug_10_IMG_7709\"\n\t\t\tdata-description=\"Bildrechte - Andreas Tutsch - www.dresdenpix.de\"\n\t\t\t\t\t\t\t\t\t\t\t\t\t\t\tclass=\"ngg-simplelightbox\" rel=\"8a46f2b2d09549fa842659260ba952f1\">\n\t\t\t\n\t\t\t<img data-image-id='177'\n\t\t\t\ttitle=\"Bildrechte - Andreas Tutsch - www.dresdenpix.de\"\n\t\t\t\talt=\"2016_Aug_10_IMG_7709\"\n\t\t\t\tsrc=\"https:\/\/www.vereinfernsehturmdresden.de\/wp-content\/gallery\/pk_2016_08_10\/2016_Aug_10_IMG_7709.jpg?t=1575916149\"\n\t\t\t\tstyle=\"max-height: 380px;\"\/>\n\t\t<\/a>\n\n\t\t\n\t\t<a href=\"https:\/\/www.vereinfernsehturmdresden.de\/wp-content\/gallery\/pk_2016_08_10\/2016_Aug_10_IMG_7712.jpg?t=1575916149\"\n\t\t\ttitle=\"Bildrechte - Andreas Tutsch - www.dresdenpix.de\"\n\t\t\tdata-src=\"https:\/\/www.vereinfernsehturmdresden.de\/wp-content\/gallery\/pk_2016_08_10\/2016_Aug_10_IMG_7712.jpg?t=1575916149\"\n\t\t\tdata-thumbnail=\"https:\/\/www.vereinfernsehturmdresden.de\/wp-content\/gallery\/pk_2016_08_10\/thumbs\/thumbs_2016_Aug_10_IMG_7712.jpg?t=1575916149\"\n\t\t\tdata-image-id=\"178\"\n\t\t\tdata-image-name=\"2016_Aug_10_IMG_7712.jpg\"\n\t\t\tdata-title=\"2016_Aug_10_IMG_7712\"\n\t\t\tdata-description=\"Bildrechte - Andreas Tutsch - www.dresdenpix.de\"\n\t\t\t\t\t\t\t\t\t\t\t\t\t\t\tclass=\"ngg-simplelightbox\" rel=\"8a46f2b2d09549fa842659260ba952f1\">\n\t\t\t\n\t\t\t<img data-image-id='178'\n\t\t\t\ttitle=\"Bildrechte - Andreas Tutsch - www.dresdenpix.de\"\n\t\t\t\talt=\"2016_Aug_10_IMG_7712\"\n\t\t\t\tsrc=\"https:\/\/www.vereinfernsehturmdresden.de\/wp-content\/gallery\/pk_2016_08_10\/2016_Aug_10_IMG_7712.jpg?t=1575916149\"\n\t\t\t\tstyle=\"max-height: 380px;\"\/>\n\t\t<\/a>\n\n\t\t\n\t\t<a href=\"https:\/\/www.vereinfernsehturmdresden.de\/wp-content\/gallery\/pk_2016_08_10\/2016_Aug_10_IMG_7714.jpg?t=1575916149\"\n\t\t\ttitle=\"Bildrechte - Andreas Tutsch - www.dresdenpix.de\"\n\t\t\tdata-src=\"https:\/\/www.vereinfernsehturmdresden.de\/wp-content\/gallery\/pk_2016_08_10\/2016_Aug_10_IMG_7714.jpg?t=1575916149\"\n\t\t\tdata-thumbnail=\"https:\/\/www.vereinfernsehturmdresden.de\/wp-content\/gallery\/pk_2016_08_10\/thumbs\/thumbs_2016_Aug_10_IMG_7714.jpg?t=1575916149\"\n\t\t\tdata-image-id=\"179\"\n\t\t\tdata-image-name=\"2016_Aug_10_IMG_7714.jpg\"\n\t\t\tdata-title=\"2016_Aug_10_IMG_7714\"\n\t\t\tdata-description=\"Bildrechte - Andreas Tutsch - www.dresdenpix.de\"\n\t\t\t\t\t\t\t\t\t\t\t\t\t\t\tclass=\"ngg-simplelightbox\" rel=\"8a46f2b2d09549fa842659260ba952f1\">\n\t\t\t\n\t\t\t<img data-image-id='179'\n\t\t\t\ttitle=\"Bildrechte - Andreas Tutsch - www.dresdenpix.de\"\n\t\t\t\talt=\"2016_Aug_10_IMG_7714\"\n\t\t\t\tsrc=\"https:\/\/www.vereinfernsehturmdresden.de\/wp-content\/gallery\/pk_2016_08_10\/2016_Aug_10_IMG_7714.jpg?t=1575916149\"\n\t\t\t\tstyle=\"max-height: 380px;\"\/>\n\t\t<\/a>\n\n\t\t\n\t\t<a href=\"https:\/\/www.vereinfernsehturmdresden.de\/wp-content\/gallery\/pk_2016_08_10\/2016_Aug_10_IMG_7716.jpg?t=1575916149\"\n\t\t\ttitle=\"Bildrechte - Andreas Tutsch - www.dresdenpix.de\"\n\t\t\tdata-src=\"https:\/\/www.vereinfernsehturmdresden.de\/wp-content\/gallery\/pk_2016_08_10\/2016_Aug_10_IMG_7716.jpg?t=1575916149\"\n\t\t\tdata-thumbnail=\"https:\/\/www.vereinfernsehturmdresden.de\/wp-content\/gallery\/pk_2016_08_10\/thumbs\/thumbs_2016_Aug_10_IMG_7716.jpg?t=1575916149\"\n\t\t\tdata-image-id=\"180\"\n\t\t\tdata-image-name=\"2016_Aug_10_IMG_7716.jpg\"\n\t\t\tdata-title=\"2016_Aug_10_IMG_7716\"\n\t\t\tdata-description=\"Bildrechte - Andreas Tutsch - www.dresdenpix.de\"\n\t\t\t\t\t\t\t\t\t\t\t\t\t\t\tclass=\"ngg-simplelightbox\" rel=\"8a46f2b2d09549fa842659260ba952f1\">\n\t\t\t\n\t\t\t<img data-image-id='180'\n\t\t\t\ttitle=\"Bildrechte - Andreas Tutsch - www.dresdenpix.de\"\n\t\t\t\talt=\"2016_Aug_10_IMG_7716\"\n\t\t\t\tsrc=\"https:\/\/www.vereinfernsehturmdresden.de\/wp-content\/gallery\/pk_2016_08_10\/2016_Aug_10_IMG_7716.jpg?t=1575916149\"\n\t\t\t\tstyle=\"max-height: 380px;\"\/>\n\t\t<\/a>\n\n\t\t\n\t\t<a href=\"https:\/\/www.vereinfernsehturmdresden.de\/wp-content\/gallery\/pk_2016_08_10\/2016_Aug_10_IMG_7717.jpg?t=1575916149\"\n\t\t\ttitle=\"Bildrechte - Andreas Tutsch - www.dresdenpix.de\"\n\t\t\tdata-src=\"https:\/\/www.vereinfernsehturmdresden.de\/wp-content\/gallery\/pk_2016_08_10\/2016_Aug_10_IMG_7717.jpg?t=1575916149\"\n\t\t\tdata-thumbnail=\"https:\/\/www.vereinfernsehturmdresden.de\/wp-content\/gallery\/pk_2016_08_10\/thumbs\/thumbs_2016_Aug_10_IMG_7717.jpg?t=1575916149\"\n\t\t\tdata-image-id=\"181\"\n\t\t\tdata-image-name=\"2016_Aug_10_IMG_7717.jpg\"\n\t\t\tdata-title=\"2016_Aug_10_IMG_7717\"\n\t\t\tdata-description=\"Bildrechte - Andreas Tutsch - www.dresdenpix.de\"\n\t\t\t\t\t\t\t\t\t\t\t\t\t\t\tclass=\"ngg-simplelightbox\" rel=\"8a46f2b2d09549fa842659260ba952f1\">\n\t\t\t\n\t\t\t<img data-image-id='181'\n\t\t\t\ttitle=\"Bildrechte - Andreas Tutsch - www.dresdenpix.de\"\n\t\t\t\talt=\"2016_Aug_10_IMG_7717\"\n\t\t\t\tsrc=\"https:\/\/www.vereinfernsehturmdresden.de\/wp-content\/gallery\/pk_2016_08_10\/2016_Aug_10_IMG_7717.jpg?t=1575916149\"\n\t\t\t\tstyle=\"max-height: 380px;\"\/>\n\t\t<\/a>\n\n\t\t\n\t\t<a href=\"https:\/\/www.vereinfernsehturmdresden.de\/wp-content\/gallery\/pk_2016_08_10\/2016_Aug_10_IMG_7718.jpg?t=1575916149\"\n\t\t\ttitle=\"Bildrechte - Andreas Tutsch - www.dresdenpix.de\"\n\t\t\tdata-src=\"https:\/\/www.vereinfernsehturmdresden.de\/wp-content\/gallery\/pk_2016_08_10\/2016_Aug_10_IMG_7718.jpg?t=1575916149\"\n\t\t\tdata-thumbnail=\"https:\/\/www.vereinfernsehturmdresden.de\/wp-content\/gallery\/pk_2016_08_10\/thumbs\/thumbs_2016_Aug_10_IMG_7718.jpg?t=1575916149\"\n\t\t\tdata-image-id=\"182\"\n\t\t\tdata-image-name=\"2016_Aug_10_IMG_7718.jpg\"\n\t\t\tdata-title=\"2016_Aug_10_IMG_7718\"\n\t\t\tdata-description=\"Bildrechte - Andreas Tutsch - www.dresdenpix.de\"\n\t\t\t\t\t\t\t\t\t\t\t\t\t\t\tclass=\"ngg-simplelightbox\" rel=\"8a46f2b2d09549fa842659260ba952f1\">\n\t\t\t\n\t\t\t<img data-image-id='182'\n\t\t\t\ttitle=\"Bildrechte - Andreas Tutsch - www.dresdenpix.de\"\n\t\t\t\talt=\"2016_Aug_10_IMG_7718\"\n\t\t\t\tsrc=\"https:\/\/www.vereinfernsehturmdresden.de\/wp-content\/gallery\/pk_2016_08_10\/2016_Aug_10_IMG_7718.jpg?t=1575916149\"\n\t\t\t\tstyle=\"max-height: 380px;\"\/>\n\t\t<\/a>\n\n\t\t\n\t\t<a href=\"https:\/\/www.vereinfernsehturmdresden.de\/wp-content\/gallery\/pk_2016_08_10\/2016_Aug_10_IMG_7720.jpg?t=1575916149\"\n\t\t\ttitle=\"Bildrechte - Andreas Tutsch - www.dresdenpix.de\"\n\t\t\tdata-src=\"https:\/\/www.vereinfernsehturmdresden.de\/wp-content\/gallery\/pk_2016_08_10\/2016_Aug_10_IMG_7720.jpg?t=1575916149\"\n\t\t\tdata-thumbnail=\"https:\/\/www.vereinfernsehturmdresden.de\/wp-content\/gallery\/pk_2016_08_10\/thumbs\/thumbs_2016_Aug_10_IMG_7720.jpg?t=1575916149\"\n\t\t\tdata-image-id=\"183\"\n\t\t\tdata-image-name=\"2016_Aug_10_IMG_7720.jpg\"\n\t\t\tdata-title=\"2016_Aug_10_IMG_7720\"\n\t\t\tdata-description=\"Bildrechte - Andreas Tutsch - www.dresdenpix.de\"\n\t\t\t\t\t\t\t\t\t\t\t\t\t\t\tclass=\"ngg-simplelightbox\" rel=\"8a46f2b2d09549fa842659260ba952f1\">\n\t\t\t\n\t\t\t<img data-image-id='183'\n\t\t\t\ttitle=\"Bildrechte - Andreas Tutsch - www.dresdenpix.de\"\n\t\t\t\talt=\"2016_Aug_10_IMG_7720\"\n\t\t\t\tsrc=\"https:\/\/www.vereinfernsehturmdresden.de\/wp-content\/gallery\/pk_2016_08_10\/2016_Aug_10_IMG_7720.jpg?t=1575916149\"\n\t\t\t\tstyle=\"max-height: 380px;\"\/>\n\t\t<\/a>\n\n\t\t\n\t\t<a href=\"https:\/\/www.vereinfernsehturmdresden.de\/wp-content\/gallery\/pk_2016_08_10\/2016_Aug_10_IMG_7723.jpg?t=1575916149\"\n\t\t\ttitle=\"Bildrechte - Andreas Tutsch - www.dresdenpix.de\"\n\t\t\tdata-src=\"https:\/\/www.vereinfernsehturmdresden.de\/wp-content\/gallery\/pk_2016_08_10\/2016_Aug_10_IMG_7723.jpg?t=1575916149\"\n\t\t\tdata-thumbnail=\"https:\/\/www.vereinfernsehturmdresden.de\/wp-content\/gallery\/pk_2016_08_10\/thumbs\/thumbs_2016_Aug_10_IMG_7723.jpg?t=1575916149\"\n\t\t\tdata-image-id=\"184\"\n\t\t\tdata-image-name=\"2016_Aug_10_IMG_7723.jpg\"\n\t\t\tdata-title=\"2016_Aug_10_IMG_7723\"\n\t\t\tdata-description=\"Bildrechte - Andreas Tutsch - www.dresdenpix.de\"\n\t\t\t\t\t\t\t\t\t\t\t\t\t\t\tclass=\"ngg-simplelightbox\" rel=\"8a46f2b2d09549fa842659260ba952f1\">\n\t\t\t\n\t\t\t<img data-image-id='184'\n\t\t\t\ttitle=\"Bildrechte - Andreas Tutsch - www.dresdenpix.de\"\n\t\t\t\talt=\"2016_Aug_10_IMG_7723\"\n\t\t\t\tsrc=\"https:\/\/www.vereinfernsehturmdresden.de\/wp-content\/gallery\/pk_2016_08_10\/2016_Aug_10_IMG_7723.jpg?t=1575916149\"\n\t\t\t\tstyle=\"max-height: 380px;\"\/>\n\t\t<\/a>\n\n\t\t\n\t\t<a href=\"https:\/\/www.vereinfernsehturmdresden.de\/wp-content\/gallery\/pk_2016_08_10\/2016_Aug_10_IMG_7725.jpg?t=1575916149\"\n\t\t\ttitle=\"Bildrechte - Andreas Tutsch - www.dresdenpix.de\"\n\t\t\tdata-src=\"https:\/\/www.vereinfernsehturmdresden.de\/wp-content\/gallery\/pk_2016_08_10\/2016_Aug_10_IMG_7725.jpg?t=1575916149\"\n\t\t\tdata-thumbnail=\"https:\/\/www.vereinfernsehturmdresden.de\/wp-content\/gallery\/pk_2016_08_10\/thumbs\/thumbs_2016_Aug_10_IMG_7725.jpg?t=1575916149\"\n\t\t\tdata-image-id=\"185\"\n\t\t\tdata-image-name=\"2016_Aug_10_IMG_7725.jpg\"\n\t\t\tdata-title=\"2016_Aug_10_IMG_7725\"\n\t\t\tdata-description=\"Bildrechte - Andreas Tutsch - www.dresdenpix.de\"\n\t\t\t\t\t\t\t\t\t\t\t\t\t\t\tclass=\"ngg-simplelightbox\" rel=\"8a46f2b2d09549fa842659260ba952f1\">\n\t\t\t\n\t\t\t<img data-image-id='185'\n\t\t\t\ttitle=\"Bildrechte - Andreas Tutsch - www.dresdenpix.de\"\n\t\t\t\talt=\"2016_Aug_10_IMG_7725\"\n\t\t\t\tsrc=\"https:\/\/www.vereinfernsehturmdresden.de\/wp-content\/gallery\/pk_2016_08_10\/2016_Aug_10_IMG_7725.jpg?t=1575916149\"\n\t\t\t\tstyle=\"max-height: 380px;\"\/>\n\t\t<\/a>\n\n\t\t\n\t\t<a href=\"https:\/\/www.vereinfernsehturmdresden.de\/wp-content\/gallery\/pk_2016_08_10\/2016_Aug_10_IMG_7732.jpg?t=1575916149\"\n\t\t\ttitle=\"Bildrechte - Andreas Tutsch - www.dresdenpix.de\"\n\t\t\tdata-src=\"https:\/\/www.vereinfernsehturmdresden.de\/wp-content\/gallery\/pk_2016_08_10\/2016_Aug_10_IMG_7732.jpg?t=1575916149\"\n\t\t\tdata-thumbnail=\"https:\/\/www.vereinfernsehturmdresden.de\/wp-content\/gallery\/pk_2016_08_10\/thumbs\/thumbs_2016_Aug_10_IMG_7732.jpg?t=1575916149\"\n\t\t\tdata-image-id=\"186\"\n\t\t\tdata-image-name=\"2016_Aug_10_IMG_7732.jpg\"\n\t\t\tdata-title=\"2016_Aug_10_IMG_7732\"\n\t\t\tdata-description=\"Bildrechte - Andreas Tutsch - www.dresdenpix.de\"\n\t\t\t\t\t\t\t\t\t\t\t\t\t\t\tclass=\"ngg-simplelightbox\" rel=\"8a46f2b2d09549fa842659260ba952f1\">\n\t\t\t\n\t\t\t<img data-image-id='186'\n\t\t\t\ttitle=\"Bildrechte - Andreas Tutsch - www.dresdenpix.de\"\n\t\t\t\talt=\"2016_Aug_10_IMG_7732\"\n\t\t\t\tsrc=\"https:\/\/www.vereinfernsehturmdresden.de\/wp-content\/gallery\/pk_2016_08_10\/2016_Aug_10_IMG_7732.jpg?t=1575916149\"\n\t\t\t\tstyle=\"max-height: 380px;\"\/>\n\t\t<\/a>\n\n\t\t\n\t\t<a href=\"https:\/\/www.vereinfernsehturmdresden.de\/wp-content\/gallery\/pk_2016_08_10\/2016_Aug_10_IMG_7733.jpg?t=1575916149\"\n\t\t\ttitle=\"Bildrechte - Andreas Tutsch - www.dresdenpix.de\"\n\t\t\tdata-src=\"https:\/\/www.vereinfernsehturmdresden.de\/wp-content\/gallery\/pk_2016_08_10\/2016_Aug_10_IMG_7733.jpg?t=1575916149\"\n\t\t\tdata-thumbnail=\"https:\/\/www.vereinfernsehturmdresden.de\/wp-content\/gallery\/pk_2016_08_10\/thumbs\/thumbs_2016_Aug_10_IMG_7733.jpg?t=1575916149\"\n\t\t\tdata-image-id=\"187\"\n\t\t\tdata-image-name=\"2016_Aug_10_IMG_7733.jpg\"\n\t\t\tdata-title=\"2016_Aug_10_IMG_7733\"\n\t\t\tdata-description=\"Bildrechte - Andreas Tutsch - www.dresdenpix.de\"\n\t\t\t\t\t\t\t\t\t\t\t\t\t\t\tclass=\"ngg-simplelightbox\" rel=\"8a46f2b2d09549fa842659260ba952f1\">\n\t\t\t\n\t\t\t<img data-image-id='187'\n\t\t\t\ttitle=\"Bildrechte - Andreas Tutsch - www.dresdenpix.de\"\n\t\t\t\talt=\"2016_Aug_10_IMG_7733\"\n\t\t\t\tsrc=\"https:\/\/www.vereinfernsehturmdresden.de\/wp-content\/gallery\/pk_2016_08_10\/2016_Aug_10_IMG_7733.jpg?t=1575916149\"\n\t\t\t\tstyle=\"max-height: 380px;\"\/>\n\t\t<\/a>\n\n\t\t\n\t\t<a href=\"https:\/\/www.vereinfernsehturmdresden.de\/wp-content\/gallery\/pk_2016_08_10\/2016_Aug_10_IMG_7735.jpg?t=1575916149\"\n\t\t\ttitle=\"Bildrechte - Andreas Tutsch - www.dresdenpix.de\"\n\t\t\tdata-src=\"https:\/\/www.vereinfernsehturmdresden.de\/wp-content\/gallery\/pk_2016_08_10\/2016_Aug_10_IMG_7735.jpg?t=1575916149\"\n\t\t\tdata-thumbnail=\"https:\/\/www.vereinfernsehturmdresden.de\/wp-content\/gallery\/pk_2016_08_10\/thumbs\/thumbs_2016_Aug_10_IMG_7735.jpg?t=1575916149\"\n\t\t\tdata-image-id=\"188\"\n\t\t\tdata-image-name=\"2016_Aug_10_IMG_7735.jpg\"\n\t\t\tdata-title=\"2016_Aug_10_IMG_7735\"\n\t\t\tdata-description=\"Bildrechte - Andreas Tutsch - www.dresdenpix.de\"\n\t\t\t\t\t\t\t\t\t\t\t\t\t\t\tclass=\"ngg-simplelightbox\" rel=\"8a46f2b2d09549fa842659260ba952f1\">\n\t\t\t\n\t\t\t<img data-image-id='188'\n\t\t\t\ttitle=\"Bildrechte - Andreas Tutsch - www.dresdenpix.de\"\n\t\t\t\talt=\"2016_Aug_10_IMG_7735\"\n\t\t\t\tsrc=\"https:\/\/www.vereinfernsehturmdresden.de\/wp-content\/gallery\/pk_2016_08_10\/2016_Aug_10_IMG_7735.jpg?t=1575916149\"\n\t\t\t\tstyle=\"max-height: 380px;\"\/>\n\t\t<\/a>\n\n\t\t\n\t\t<a href=\"https:\/\/www.vereinfernsehturmdresden.de\/wp-content\/gallery\/pk_2016_08_10\/2016_Aug_10_IMG_7743.jpg?t=1575916149\"\n\t\t\ttitle=\"Bildrechte - Andreas Tutsch - www.dresdenpix.de\"\n\t\t\tdata-src=\"https:\/\/www.vereinfernsehturmdresden.de\/wp-content\/gallery\/pk_2016_08_10\/2016_Aug_10_IMG_7743.jpg?t=1575916149\"\n\t\t\tdata-thumbnail=\"https:\/\/www.vereinfernsehturmdresden.de\/wp-content\/gallery\/pk_2016_08_10\/thumbs\/thumbs_2016_Aug_10_IMG_7743.jpg?t=1575916149\"\n\t\t\tdata-image-id=\"189\"\n\t\t\tdata-image-name=\"2016_Aug_10_IMG_7743.jpg\"\n\t\t\tdata-title=\"2016_Aug_10_IMG_7743\"\n\t\t\tdata-description=\"Bildrechte - Andreas Tutsch - www.dresdenpix.de\"\n\t\t\t\t\t\t\t\t\t\t\t\t\t\t\tclass=\"ngg-simplelightbox\" rel=\"8a46f2b2d09549fa842659260ba952f1\">\n\t\t\t\n\t\t\t<img data-image-id='189'\n\t\t\t\ttitle=\"Bildrechte - Andreas Tutsch - www.dresdenpix.de\"\n\t\t\t\talt=\"2016_Aug_10_IMG_7743\"\n\t\t\t\tsrc=\"https:\/\/www.vereinfernsehturmdresden.de\/wp-content\/gallery\/pk_2016_08_10\/2016_Aug_10_IMG_7743.jpg?t=1575916149\"\n\t\t\t\tstyle=\"max-height: 380px;\"\/>\n\t\t<\/a>\n\n\t\t\n\t\t<a href=\"https:\/\/www.vereinfernsehturmdresden.de\/wp-content\/gallery\/pk_2016_08_10\/2016_Aug_10_IMG_7744.jpg?t=1575916149\"\n\t\t\ttitle=\"Bildrechte - Andreas Tutsch - www.dresdenpix.de\"\n\t\t\tdata-src=\"https:\/\/www.vereinfernsehturmdresden.de\/wp-content\/gallery\/pk_2016_08_10\/2016_Aug_10_IMG_7744.jpg?t=1575916149\"\n\t\t\tdata-thumbnail=\"https:\/\/www.vereinfernsehturmdresden.de\/wp-content\/gallery\/pk_2016_08_10\/thumbs\/thumbs_2016_Aug_10_IMG_7744.jpg?t=1575916149\"\n\t\t\tdata-image-id=\"190\"\n\t\t\tdata-image-name=\"2016_Aug_10_IMG_7744.jpg\"\n\t\t\tdata-title=\"2016_Aug_10_IMG_7744\"\n\t\t\tdata-description=\"Bildrechte - Andreas Tutsch - www.dresdenpix.de\"\n\t\t\t\t\t\t\t\t\t\t\t\t\t\t\tclass=\"ngg-simplelightbox\" rel=\"8a46f2b2d09549fa842659260ba952f1\">\n\t\t\t\n\t\t\t<img data-image-id='190'\n\t\t\t\ttitle=\"Bildrechte - Andreas Tutsch - www.dresdenpix.de\"\n\t\t\t\talt=\"2016_Aug_10_IMG_7744\"\n\t\t\t\tsrc=\"https:\/\/www.vereinfernsehturmdresden.de\/wp-content\/gallery\/pk_2016_08_10\/2016_Aug_10_IMG_7744.jpg?t=1575916149\"\n\t\t\t\tstyle=\"max-height: 380px;\"\/>\n\t\t<\/a>\n\n\t\t\n\t\t<a href=\"https:\/\/www.vereinfernsehturmdresden.de\/wp-content\/gallery\/pk_2016_08_10\/2016_Aug_10_IMG_7746.jpg?t=1575916149\"\n\t\t\ttitle=\"Bildrechte - Andreas Tutsch - www.dresdenpix.de\"\n\t\t\tdata-src=\"https:\/\/www.vereinfernsehturmdresden.de\/wp-content\/gallery\/pk_2016_08_10\/2016_Aug_10_IMG_7746.jpg?t=1575916149\"\n\t\t\tdata-thumbnail=\"https:\/\/www.vereinfernsehturmdresden.de\/wp-content\/gallery\/pk_2016_08_10\/thumbs\/thumbs_2016_Aug_10_IMG_7746.jpg?t=1575916149\"\n\t\t\tdata-image-id=\"191\"\n\t\t\tdata-image-name=\"2016_Aug_10_IMG_7746.jpg\"\n\t\t\tdata-title=\"2016_Aug_10_IMG_7746\"\n\t\t\tdata-description=\"Bildrechte - Andreas Tutsch - www.dresdenpix.de\"\n\t\t\t\t\t\t\t\t\t\t\t\t\t\t\tclass=\"ngg-simplelightbox\" rel=\"8a46f2b2d09549fa842659260ba952f1\">\n\t\t\t\n\t\t\t<img data-image-id='191'\n\t\t\t\ttitle=\"Bildrechte - Andreas Tutsch - www.dresdenpix.de\"\n\t\t\t\talt=\"2016_Aug_10_IMG_7746\"\n\t\t\t\tsrc=\"https:\/\/www.vereinfernsehturmdresden.de\/wp-content\/gallery\/pk_2016_08_10\/2016_Aug_10_IMG_7746.jpg?t=1575916149\"\n\t\t\t\tstyle=\"max-height: 380px;\"\/>\n\t\t<\/a>\n\n\t\t\n\t\t<a href=\"https:\/\/www.vereinfernsehturmdresden.de\/wp-content\/gallery\/pk_2016_08_10\/2016_Aug_10_IMG_7748.jpg?t=1575916149\"\n\t\t\ttitle=\"Bildrechte - Andreas Tutsch - www.dresdenpix.de\"\n\t\t\tdata-src=\"https:\/\/www.vereinfernsehturmdresden.de\/wp-content\/gallery\/pk_2016_08_10\/2016_Aug_10_IMG_7748.jpg?t=1575916149\"\n\t\t\tdata-thumbnail=\"https:\/\/www.vereinfernsehturmdresden.de\/wp-content\/gallery\/pk_2016_08_10\/thumbs\/thumbs_2016_Aug_10_IMG_7748.jpg?t=1575916149\"\n\t\t\tdata-image-id=\"192\"\n\t\t\tdata-image-name=\"2016_Aug_10_IMG_7748.jpg\"\n\t\t\tdata-title=\"2016_Aug_10_IMG_7748\"\n\t\t\tdata-description=\"Bildrechte - Andreas Tutsch - www.dresdenpix.de\"\n\t\t\t\t\t\t\t\t\t\t\t\t\t\t\tclass=\"ngg-simplelightbox\" rel=\"8a46f2b2d09549fa842659260ba952f1\">\n\t\t\t\n\t\t\t<img data-image-id='192'\n\t\t\t\ttitle=\"Bildrechte - Andreas Tutsch - www.dresdenpix.de\"\n\t\t\t\talt=\"2016_Aug_10_IMG_7748\"\n\t\t\t\tsrc=\"https:\/\/www.vereinfernsehturmdresden.de\/wp-content\/gallery\/pk_2016_08_10\/2016_Aug_10_IMG_7748.jpg?t=1575916149\"\n\t\t\t\tstyle=\"max-height: 380px;\"\/>\n\t\t<\/a>\n\n\t\t\n\t\t<a href=\"https:\/\/www.vereinfernsehturmdresden.de\/wp-content\/gallery\/pk_2016_08_10\/2016_Aug_10_IMG_7696.jpg?t=1575916149\"\n\t\t\ttitle=\"\"\n\t\t\tdata-src=\"https:\/\/www.vereinfernsehturmdresden.de\/wp-content\/gallery\/pk_2016_08_10\/2016_Aug_10_IMG_7696.jpg?t=1575916149\"\n\t\t\tdata-thumbnail=\"https:\/\/www.vereinfernsehturmdresden.de\/wp-content\/gallery\/pk_2016_08_10\/thumbs\/thumbs_2016_Aug_10_IMG_7696.jpg?t=1575916149\"\n\t\t\tdata-image-id=\"193\"\n\t\t\tdata-image-name=\"2016_Aug_10_IMG_7696.jpg\"\n\t\t\tdata-title=\"2016_Aug_10_IMG_7696\"\n\t\t\tdata-description=\"\"\n\t\t\t\t\t\t\t\t\t\t\t\t\t\t\tclass=\"ngg-simplelightbox\" rel=\"8a46f2b2d09549fa842659260ba952f1\">\n\t\t\t\n\t\t\t<img data-image-id='193'\n\t\t\t\ttitle=\"\"\n\t\t\t\talt=\"2016_Aug_10_IMG_7696\"\n\t\t\t\tsrc=\"https:\/\/www.vereinfernsehturmdresden.de\/wp-content\/gallery\/pk_2016_08_10\/2016_Aug_10_IMG_7696.jpg?t=1575916149\"\n\t\t\t\tstyle=\"max-height: 380px;\"\/>\n\t\t<\/a>\n\n\t\t<\/div>\n\n\n<\/p>\n<p style=\"text-align: center;\">Bildrechte: Andreas Tutsch &#8211; www.dresdenpix.de<\/p>\n<h2 style=\"text-align: center;\">\u2022 \u2022 \u2022<\/h2>\n<h4 style=\"text-align: center;\">Ank\u00fcndigung der Vereins-Pressekonferenz zum Fernsehturm Dresden<\/h4>\n<p style=\"text-align: center;\">Sehr geehrte Damen und Herren, liebe Fernsehturmfreunde,<\/p>\n<p style=\"text-align: center;\">nachdem am 4. Juli 2016 die Herren Staatminister Dr. Jaeckel, Herr Zahn von der Telekom und unser Oberb\u00fcrgermeister Dirk Hilbert im Presseraum des s\u00e4chsischen Landtages eingeladen und den derzeitigen Fernsehturm-Sachstand er\u00f6rtert haben, m\u00f6chten wir als Verein Fernsehturm Dresden e.V. ihnen weitere detailliertere Informationen geben.<\/p>\n<p style=\"text-align: center;\">Fernsehturm-Vereinsmitglieder, der Urheber des vorliegenden Expos\u00e9s, Professoren und Studenten, die sich intensiv mit dem Thema Fernsehturm auseinandergesetzt haben, Vertreter von K.U.L.T.-Objekt und Seilbahn-Herstellern, m\u00f6chten Sie hiermit auf die geplanten Vereins-Pressekonferenz<\/p>\n<p style=\"text-align: center;\">am 10.08.16, um 14 Uhr in der Hochschule f\u00fcr Technik und Wirtschaft (Forum im EG), Friedrich-List-Platz 1, 01069 Dresden<\/p>\n<p style=\"text-align: center;\">aufmerksam machen.<\/p>\n<p style=\"text-align: center;\">Das werden die Themen sein:<\/p>\n<ul style=\"text-align: center;\">\n<li>Vorstellung studentischer Arbeiten zur Architektur<\/li>\n<li>Vorstellung landschaftsarchitektonischer Entw\u00fcrfe<\/li>\n<li>Entw\u00fcrfe\/Trailer zur hybriden und nachhaltigen \u00f6kologischen Nutzung<\/li>\n<li>Untersetzung des vorliegenden Expos\u00e9s<\/li>\n<li>Impressionen zum Turm<\/li>\n<li>verkehrstechnische Erschlie\u00dfung mittels Supratrans\/Seilbahn<\/li>\n<li>Beispiele urbaner Seilbahnen in anderen Regionen<\/li>\n<\/ul>\n<p style=\"text-align: center;\">Wir w\u00fcrden uns sehr freuen, wenn Sie sich diesen Termin schon einmal vormerken k\u00f6nnten.<\/p>\n<h2 style=\"text-align: center;\">\u2022 \u2022 \u2022<\/h2>\n<p id=\"cover\" style=\"text-align: center;\" data-kicker=\"Machbarkeitsstudie\" data-headline=\"Fernsehturm bald wieder offen?\"><span class=\"headline\"><a href=\"http:\/\/www.bild.de\/regional\/dresden\/eroeffnung\/fernsehturm-bald-wieder-offen-46524170.bild.html?wtmc=ml.shr\" target=\"_blank\" rel=\"noopener noreferrer\">Fernsehturm bald wieder offen?<\/a> <\/span><span class=\"headline\">&#8211; fragt die Bild-Zeitung am 28.06.2016<\/span><span class=\"headline\"><br \/>\n<\/span><\/p>\n<h2 style=\"text-align: center;\">\u2022 \u2022 \u2022<\/h2>\n<p class=\"flexitem\" style=\"text-align: center;\">Die Schwaben machen es uns vor. Auch geschlossene Fernseht\u00fcrme k\u00f6nnen wieder f\u00fcr die \u00f6ffentliche Nutzung freigegeben werden, wenn man es denn will.<\/p>\n<p style=\"text-align: center;\"><a href=\"http:\/\/www.stuttgarter-zeitung.de\/inhalt.erneuerter-brandschutz-der-fernsehturm-ist-von-ende-januar-an-wieder-offen.d5770755-e2c3-4433-87ba-f1b910df56d1.html\" target=\"_blank\" rel=\"noopener noreferrer\">http:\/\/www.stuttgarter-zeitung.de\/inhalt.erneuerter-brandschutz-der-fernsehturm-ist-von-ende-januar-an-wieder-offen.d5770755-e2c3-4433-87ba-f1b910df56d1.html<\/a><\/p>\n<h2 style=\"text-align: center;\">\u2022 \u2022 \u2022<\/h2>\n<p class=\"flexitem\" style=\"text-align: center;\">Fragen an den Dresdner OB, Dirk Hilbert &#8211; unter anderem zum Thema Fernsehturm:<\/p>\n<p><iframe loading=\"lazy\" title=\"Dresden im Gespr\u00e4ch: Dirk Hilbert bezieht Stellung zur Fl\u00fcchtlingskrise\" width=\"1170\" height=\"658\" src=\"https:\/\/www.youtube.com\/embed\/aRYpIXqwxn0?start=1502&#038;feature=oembed\" frameborder=\"0\" allow=\"accelerometer; autoplay; clipboard-write; encrypted-media; gyroscope; picture-in-picture; web-share\" allowfullscreen><\/iframe><\/p>\n<h2 style=\"text-align: center;\">\u2022 \u2022 \u2022<\/h2>\n<p class=\"flexitem\" style=\"text-align: center;\"><a href=\"https:\/\/mopo24.de\/nachrichten\/fernsehturm-weissig-dresden-wiedereroeffnung-floppt-13858\" target=\"_blank\" rel=\"noopener noreferrer\">Kann er den Fernsehturm noch retten? (MoPo24, 19.09.2015)<\/a><\/p>\n<h2 style=\"text-align: center;\">\u2022 \u2022 \u2022<\/h2>\n<h4 style=\"text-align: center;\">Wie bekannt ist, geht es auch in Hamburg darum, den Fernsehturm wiederzubeleben. Hier ein Beitrag des NDR zu diesem Projekt:<\/h4>\n<p style=\"text-align: center;\"><a href=\"https:\/\/www.ndr.de\/fernsehen\/sendungen\/hamburg_journal\/Neue-Plaene-fuer-Fernsehturm,hamj43250.html\" target=\"_blank\" rel=\"noopener noreferrer\">Neue Pl\u00e4ne f\u00fcr den Fernsehturm<\/a><\/p>\n<p style=\"text-align: center;\"><a href=\"https:\/\/www.ndr.de\/fernsehen\/sendungen\/hamburg_journal\/Neue-Plaene-fuer-Fernsehturm,hamj43250.html\" target=\"_blank\" rel=\"noopener noreferrer\">Hamburg Journal &#8211; 18.09.2015 19:30 Uhr Autor\/in: Benedikt Scheper<\/a><\/p>\n<h2 style=\"text-align: center;\">\u2022 \u2022 \u2022<\/h2>\n<h4 style=\"text-align: center;\">PRESSEMITTEILUNG vom 19.08.2015:<\/h4>\n<p style=\"text-align: center;\">Dokumente zum Rathaus- und Fernsehturmbau &#8211; Stadtarchiv erh\u00e4lt private Sammlung<\/p>\n<p style=\"text-align: center;\">Mehrere hundert Dias und Dokumente zum Rathausturmbau und insbesondere zum Fernsehturmbau \u00fcbergab der Dresdner Eberhard Macher aus seiner privaten Sammlung an das Stadtarchiv.<br \/>\nVon besonderem Interesse sind die seltenen Originalfotos von der Projektierung, \u00fcber die Bauphasen, bis hin zur Fertigstellung des \u201eFernseh- und UKW-Turms Dresden\u201c. Einmalige Aufnahmen sind enthalten, unter anderem von der Bew\u00e4hrung des Fundamentes, der Kegelschale, des Kelchteiles und der ersten Plattform sowie der Montage des Turmkopfes. Auch die Modellversuche f\u00fcr den Fernsehturm sind mit verschiedenen Dokumenten nunmehr \u00fcberliefert. Herr Macher \u00fcbergab diese Fotos k\u00fcrzlich an den Direktor des Stadtarchivs, Thomas K\u00fcbler.<br \/>\nDie verschiedenen \u00fcbergebenen Diaserien und Fotodokumente enthalten wichtige Einzelheiten des f\u00fcr Dresden pr\u00e4gnanten Bauvorhabens, so unter anderem auch Dokumente des Projektteams um Weimer\/R\u00fchle\/Braune\/Macher.<br \/>\nNach ihrer Konservierung, Digitalisierung und Erschlie\u00dfung sind diese unikaten Fotos den Benutzern zug\u00e4nglich.<\/p>\n<div id=\"attachment_807\" class=\"wp-caption aligncenter\" style=\"width: 610px\"><img loading=\"lazy\" decoding=\"async\" class=\"wp-image-807\" src=\"http:\/\/www.vereinfernsehturmdresden.de\/wp-content\/uploads\/2014\/10\/Stadtarchiv-1024x705.jpg\" alt=\"Foto: Elvira Wobst, Stadtarchiv\" width=\"600\" height=\"413\" srcset=\"https:\/\/www.vereinfernsehturmdresden.de\/wp-content\/uploads\/2014\/10\/Stadtarchiv-1024x705.jpg 1024w, https:\/\/www.vereinfernsehturmdresden.de\/wp-content\/uploads\/2014\/10\/Stadtarchiv-300x207.jpg 300w\" sizes=\"(max-width: 600px) 100vw, 600px\" \/><p class=\"wp-caption-text\">Foto: Elvira Wobst, Stadtarchiv<\/p><\/div>\n<p style=\"text-align: center;\">Foto:<br \/>\nEberhard Macher (links) \u00fcbergibt seine Sammlung an den Direktor des Stadtarchivs, Thomas K\u00fcbler. Foto: Elvira Wobst, Stadtarchiv<\/p>\n<h2 style=\"text-align: center;\">\u2022 \u2022 \u2022<\/h2>\n<h4 class=\"yt watch-title-container\" style=\"text-align: center;\"><a href=\"https:\/\/www.youtube.com\/watch?v=rPt3e2IQYFk\" target=\"_blank\" rel=\"noopener noreferrer\">Der Verein im Dresden Fernsehen &#8211; Sendung <span id=\"eow-title\" class=\"watch-title \" dir=\"ltr\" title=\"Nachtschicht: Dresdner Fernsehturm - Ist das die Zukunft?\">Nachtschicht: &#8222;Dresdner Fernsehturm &#8211; Ist das die Zukunft?&#8220; <\/span><\/a><\/h4>\n<div id=\"attachment_776\" class=\"wp-caption aligncenter\" style=\"width: 573px\"><a href=\"https:\/\/www.youtube.com\/watch?v=rPt3e2IQYFk\"><img loading=\"lazy\" decoding=\"async\" class=\"wp-image-776 size-full\" src=\"http:\/\/www.vereinfernsehturmdresden.de\/wp-content\/uploads\/2014\/10\/Nachstschicht.jpg\" alt=\"Nachstschicht\" width=\"563\" height=\"318\" srcset=\"https:\/\/www.vereinfernsehturmdresden.de\/wp-content\/uploads\/2014\/10\/Nachstschicht.jpg 563w, https:\/\/www.vereinfernsehturmdresden.de\/wp-content\/uploads\/2014\/10\/Nachstschicht-300x169.jpg 300w\" sizes=\"(max-width: 563px) 100vw, 563px\" \/><\/a><p class=\"wp-caption-text\">Quelle: www.dresden-fernsehen.de<\/p><\/div>\n<h2 style=\"text-align: center;\">\u2022 \u2022 \u2022<\/h2>\n<h4 style=\"text-align: center;\"><a href=\"https:\/\/mopo24.de\/Home#!nachrichten\/fernsehturm-dresden-steimle-3664\" target=\"_blank\" rel=\"noopener noreferrer\">&#8222;N\u00e4chster Versuch! Rettet Steimle jetzt den Fernsehturm?&#8220; <\/a><\/h4>\n<p style=\"text-align: center;\">Mopo24 vom 08.01.2015<\/p>\n<h2 style=\"text-align: center;\">\u2022 \u2022 \u2022<\/h2>\n<h4 style=\"text-align: center;\"><a href=\"http:\/\/www.sz-online.de\/nachrichten\/kanzleramt-macht-turmfreunden-hoffnung-2989854.html\" target=\"_blank\" rel=\"noopener noreferrer\">&#8222;Kanzleramt macht Turmfreunden Hoffnung<\/a><\/h4>\n<p style=\"text-align: center;\">Der Bund stellt F\u00f6rdermittel f\u00fcr den Dresdner Fernsehturm in Aussicht. Daf\u00fcr braucht es einen konkreten Sanierungsplan. Den will die Stadt nun liefern.&#8220;<br \/>\nSo lautet die \u00dcberschrift eines Artikels der S\u00e4chsischen Zeitung vom 08.12.2014<\/p>\n<h2 style=\"text-align: center;\">\u2022 \u2022 \u2022<\/h2>\n<h4 style=\"text-align: center;\"><a href=\"http:\/\/www.vereinfernsehturmdresden.de\/wp-content\/uploads\/2015\/10\/07.11.-Dresdner-Fernsehturm.mp3\" target=\"_blank\" rel=\"noopener noreferrer\">Unterst\u00fctzung f\u00fcr unsere Petition im lokalen H\u00f6rfunk<\/a><\/h4>\n<p style=\"text-align: center;\">Radio Dresden im Interview mit unserem Vereinsmitglied Thomas Ludwig, ehemaliger Koch auf dem Dresdner Fernsehturm, 07.11.2014 Vielen Dank f\u00fcr diesen Mitschnitt sowie f\u00fcr die Unterst\u00fctzung an <a href=\"http:\/\/www.radiodresden.de\/\" target=\"_blank\" rel=\"noopener noreferrer\">Radio Dresden<\/a>!<\/p>\n<h2 style=\"text-align: center;\">\u2022 \u2022 \u2022<\/h2>\n<h4 style=\"text-align: center;\"><a title=\"Telekom kontert Kritik am Fernsehturmzustand\" href=\"http:\/\/www.sz-online.de\/nachrichten\/telekom-kontert-kritik-an-fernsehturm-zustand-2954892.html\" target=\"_blank\" rel=\"noopener noreferrer\">&#8222;Telekom kontert Kritik an Fernsehturm-Zustand&#8220; so schreibt die S\u00e4chsische Zeitung am 21.10.2014<\/a><\/h4>\n<p style=\"text-align: center;\">Anmerkung des Vereins: Man kann wohl beiden Seiten Recht geben. Der Turm an sich ist technisch sicherlich auf Vordermann. Was jedoch den ehemals \u00f6ffentlichen Bereich sowie das Turmcaf\u00e9 engeht, ist der Zustand innen marode bzw. sch\u00e4ndlich f\u00fcr so ein Objekt.<\/p>\n<h2 style=\"text-align: center;\">\u2022 \u2022 \u2022<\/h2>\n<h4 style=\"text-align: center;\">Die <a href=\"http:\/\/www.dnn-online.de\/web\/dnn\/nachrichten\/\" target=\"_blank\" rel=\"noopener\">Dresdner Neuesten Nachrichten<\/a> ver\u00f6ffentlichten am 21.010.2014 in einem Artikel einige Angaben aus der Vision zum Fernsehtum<\/h4>\n<p style=\"text-align: center;\">&#8230;im Jahr 2019, welche durch Herrn Klaus Martin ausgearbeitet und vorgelegt wurden. Der Artikel wurde und freundlicherweise von DNN f\u00fcr unsere Homepage zur Verf\u00fcgung gestellt. <em>Wir sagen herzlichen Dank!<\/em><\/p>\n<p style=\"text-align: center;\"><a href=\"http:\/\/www.vereinfernsehturmdresden.de\/wp-content\/uploads\/2014\/10\/20141021_DNN.jpg\"><img loading=\"lazy\" decoding=\"async\" class=\"aligncenter size-large wp-image-568\" src=\"http:\/\/www.vereinfernsehturmdresden.de\/wp-content\/uploads\/2014\/10\/20141021_DNN-1024x839.jpg\" alt=\"20141021_DNN_HP_14\" width=\"1024\" height=\"839\" srcset=\"https:\/\/www.vereinfernsehturmdresden.de\/wp-content\/uploads\/2014\/10\/20141021_DNN-1024x839.jpg 1024w, https:\/\/www.vereinfernsehturmdresden.de\/wp-content\/uploads\/2014\/10\/20141021_DNN-300x245.jpg 300w\" sizes=\"(max-width: 1024px) 100vw, 1024px\" \/><\/a><\/p>\n<h2 style=\"text-align: center;\">\u2022 \u2022 \u2022<\/h2>\n<h4 style=\"text-align: center;\"><a title=\"Neuer Vorschlag f\u00fcr Dresdner Fernsehturm\" href=\"http:\/\/www.dnn-online.de\/dresden\/web\/dresden-nachrichten\/detail\/-\/specific\/Neuer-Vorschlag-Seilbahn-zum-Dresdner-Fernsehturm-651112206\" target=\"_blank\" rel=\"noopener noreferrer\">&#8222;Neuer Vorschlag: Seilbahn zum Dresdner Fernsehturm&#8220; so schreiben am 21.10.2014 die DNN \u00fcber die Vision von Hernn Klaus Martin, welche wir hier auf unserer Seite bereits vorgestellt hatten.<\/a><\/h4>\n<h2 style=\"text-align: center;\">\u2022 \u2022 \u2022<\/h2>\n<h4 style=\"text-align: center;\"><a title=\"Die Ruhe vor dem Turm\" href=\"http:\/\/www.sz-online.de\/nachrichten\/die-ruhe-vor-dem-turm-2947371.html\" target=\"_blank\" rel=\"noopener noreferrer\">&#8222;Die Ruhe vor dem Turm&#8220; &#8211; so schrieb die S\u00e4chsische Zeitung am 11.10.2014.<\/a><\/h4>\n<h2 style=\"text-align: center;\">\u2022 \u2022 \u2022<\/h2>\n<h4 style=\"text-align: center;\">&#8222;Ich bin der Spitzenkoch aus dem Fernsehturm&#8220;<\/h4>\n<p style=\"text-align: center;\">so lautete ein Artikel in der Morgenpost vom 23.06.2014.<br \/>\n<a href=\"http:\/\/www.vereinfernsehturmdresden.de\/wp-content\/uploads\/2014\/10\/Der-Spitzenkoch.jpg\" target=\"_blank\" rel=\"noopener\"><img loading=\"lazy\" decoding=\"async\" class=\"aligncenter wp-image-509\" src=\"http:\/\/www.vereinfernsehturmdresden.de\/wp-content\/uploads\/2014\/10\/Der-Spitzenkoch-300x283.jpg\" alt=\"Der Spitzenkoch\" width=\"366\" height=\"345\" srcset=\"https:\/\/www.vereinfernsehturmdresden.de\/wp-content\/uploads\/2014\/10\/Der-Spitzenkoch-300x283.jpg 300w, https:\/\/www.vereinfernsehturmdresden.de\/wp-content\/uploads\/2014\/10\/Der-Spitzenkoch-1024x967.jpg 1024w, https:\/\/www.vereinfernsehturmdresden.de\/wp-content\/uploads\/2014\/10\/Der-Spitzenkoch.jpg 1418w\" sizes=\"(max-width: 366px) 100vw, 366px\" \/><\/a><\/p>\n<h2 style=\"text-align: center;\">\u2022 \u2022 \u2022<\/h2>\n<h4 style=\"text-align: center;\">Zum 45. Geburtstag des Fernsehturms sowie zum Engagement von Verein und Stadt schrieb <a href=\"http:\/\/www.bild.de\/regional\/dresden\/dresden\/online-artikel-38059780.bild.html\" target=\"_blank\" rel=\"noopener\">Bild<\/a> am 08.10.2014<\/h4>\n<p style=\"text-align: center;\" data-kicker=\"B\u00fcrgermeister Hilbert fordert \" data-headline=\"Verein muss mehr f\u00fcr Fernsehturm k\u00e4mpfen\"><span class=\"headline\">&#8222;Verein muss mehr f\u00fcr Fernsehturm k\u00e4mpfen<\/span>&#8222;<\/p>\n<div id=\"attachment_502\" class=\"wp-caption aligncenter\" style=\"width: 386px\"><a href=\"http:\/\/www.bild.de\/regional\/dresden\/dresden\/online-artikel-38059780.bild.html\" target=\"_blank\" rel=\"noopener\"><img loading=\"lazy\" decoding=\"async\" class=\"wp-image-502\" src=\"http:\/\/www.vereinfernsehturmdresden.de\/wp-content\/uploads\/2014\/10\/Uebergabe_Petition1-300x221.jpg\" alt=\"\u00dcbergabe der Petition\" width=\"376\" height=\"277\" srcset=\"https:\/\/www.vereinfernsehturmdresden.de\/wp-content\/uploads\/2014\/10\/Uebergabe_Petition1-300x221.jpg 300w, https:\/\/www.vereinfernsehturmdresden.de\/wp-content\/uploads\/2014\/10\/Uebergabe_Petition1.jpg 848w\" sizes=\"(max-width: 376px) 100vw, 376px\" \/><\/a><p class=\"wp-caption-text\">\u00dcbergabe der Petition &#8211; Foto: C. Perret<\/p><\/div>\n<p style=\"text-align: center;\"><em>Anmerkung vom Verein zu diesem Beitrag: Bereits im Vorfeld hatte der Verein Fernsehturm Dresden e.V. eine klare, belastbare politische Position gefordert. Bislang haben weder Frau Orosz noch Herr Hilbert stellvertretend f\u00fcr die B\u00fcrger der Stadt Dresden eine eindeutige Aussage \u201eIch will den Turm f\u00fcr Dresden\u201c gegen\u00fcber\u00fcber der Telekom getroffen. Das Problem, welches sich also derzeit ergibt ist, dass es weder von der Stadt Dresden noch vom Eigent\u00fcmer des Turmes, der DFMG Deutsche Funkturm GmbH, eine belastbare Ausgangssituation gibt, auf deren Basis dann ggf. auch der Verein in die konkrete Umsetzung bzw. Unterst\u00fctzung erster Schritte \u00fcberleiten k\u00f6nnte.<\/em><\/p>\n<h2 style=\"text-align: center;\">\u2022 \u2022 \u2022<\/h2>\n<h4 style=\"text-align: center;\">Eine Stiftung f\u00fcr den Fernsehturm?<\/h4>\n<p style=\"text-align: center;\"><a title=\"Eine Stiftung f\u00fcr den Fernsehturm?\" href=\"http:\/\/www.sz-online.de\/nachrichten\/stiftung-fuer-den-fernsehturm-2822787.html\" target=\"_blank\" rel=\"noopener noreferrer\">Bericht der S\u00e4chsischen Zeitung vom 22.04.2014 <span style=\"color: #ff0000;\">mit einem interessanten Video<\/span>, welches historische Aufnahmen vom Fernsehurm zeigt.<\/a><\/p>\n<h2 style=\"text-align: center;\">\u2022 \u2022 \u2022<\/h2>\n<h4 style=\"text-align: center;\">Uwe Steimle \u00fcbergibt Fernsehturm-Petition<\/h4>\n<p style=\"text-align: center;\"><a title=\"Steimle \u00fcbergibt Fernsehturm-Petition\" href=\"http:\/\/www.sz-online.de\/nachrichten\/steimle-uebergibt-fernsehturm-petition-2797919.html\" target=\"_blank\" rel=\"noopener noreferrer\">Im Aprill sollen mit prominenter Unterst\u00fctzung die Unterschriften der Stadt \u00fcberreicht werden. Wird die \u00dcbergabe auf der Aussichtsplattform stattfinden? Lesen Sie den Bericht der S\u00e4chsischen Zeitung vom 18.03.2014 dazu.<\/a><\/p>\n<div class=\"twoclick_social_bookmarks_post_488 social_share_privacy clearfix 1.6.4 locale-de_DE sprite-de_DE\"><\/div><div class=\"twoclick-js\"><script type=\"text\/javascript\">\/* <![CDATA[ *\/\njQuery(document).ready(function($){if($('.twoclick_social_bookmarks_post_488')){$('.twoclick_social_bookmarks_post_488').socialSharePrivacy({\"services\":{\"facebook\":{\"status\":\"on\",\"txt_info\":\"2 Klicks f\\u00fcr mehr Datenschutz: Erst wenn Sie hier klicken, wird der Button aktiv und Sie k\\u00f6nnen Ihre Empfehlung an Facebook senden. Schon beim Aktivieren werden Daten an Dritte \\u00fcbertragen - siehe <em>i<\\\/em>.\",\"perma_option\":\"off\",\"action\":\"like\",\"language\":\"de_DE\"},\"twitter\":{\"reply_to\":\"\",\"tweet_text\":\"Pressemeldungen%20%C2%BB%20Fernsehturm%20Dresden%20e.V.\",\"status\":\"on\",\"txt_info\":\"2 Klicks f\\u00fcr mehr Datenschutz: Erst wenn Sie hier klicken, wird der Button aktiv und Sie k\\u00f6nnen Ihre Empfehlung an Twitter senden. Schon beim Aktivieren werden Daten an Dritte \\u00fcbertragen - siehe <em>i<\\\/em>.\",\"perma_option\":\"off\",\"language\":\"de\",\"referrer_track\":\"\"},\"gplus\":{\"status\":\"on\",\"txt_info\":\"2 Klicks f\\u00fcr mehr Datenschutz: Erst wenn Sie hier klicken, wird der Button aktiv und Sie k\\u00f6nnen Ihre Empfehlung an Google+ senden. Schon beim Aktivieren werden Daten an Dritte \\u00fcbertragen - siehe <em>i<\\\/em>.\",\"perma_option\":\"off\",\"referrer_track\":\"\"}},\"txt_help\":\"Wenn Sie diese Felder durch einen Klick aktivieren, werden Informationen an Facebook, Twitter, Flattr, Xing, t3n, LinkedIn, Pinterest oder Google eventuell ins Ausland \\u00fcbertragen und unter Umst\\u00e4nden auch dort gespeichert. N\\u00e4heres erfahren Sie durch einen Klick auf das <em>i<\\\/em>.\",\"settings_perma\":\"Dauerhaft aktivieren und Daten\\u00fcber-tragung zustimmen:\",\"info_link\":\"http:\\\/\\\/www.heise.de\\\/ct\\\/artikel\\\/2-Klicks-fuer-mehr-Datenschutz-1333879.html\",\"uri\":\"https:\\\/\\\/www.vereinfernsehturmdresden.de\\\/?page_id=488\",\"post_id\":488,\"post_title_referrer_track\":\"Pressemeldungen\",\"display_infobox\":\"on\"});}});\n\/* ]]> *\/<\/script><\/div>","protected":false},"excerpt":{"rendered":"<p>Sehr geehrte Damen und Herren, liebe Fernsehturmfreunde, in der Phase unserer aktiven Mitarbeit in der Lenkungsgruppe \u201eFernsehturm zur Grundlagenermittlung f\u00fcr eine Wiederer\u00f6ffnung [&hellip;]<\/p>\n","protected":false},"author":1,"featured_media":0,"parent":0,"menu_order":11,"comment_status":"closed","ping_status":"closed","template":"","meta":{"ngg_post_thumbnail":0,"footnotes":""},"aioseo_notices":[],"_links":{"self":[{"href":"https:\/\/www.vereinfernsehturmdresden.de\/index.php?rest_route=\/wp\/v2\/pages\/488"}],"collection":[{"href":"https:\/\/www.vereinfernsehturmdresden.de\/index.php?rest_route=\/wp\/v2\/pages"}],"about":[{"href":"https:\/\/www.vereinfernsehturmdresden.de\/index.php?rest_route=\/wp\/v2\/types\/page"}],"author":[{"embeddable":true,"href":"https:\/\/www.vereinfernsehturmdresden.de\/index.php?rest_route=\/wp\/v2\/users\/1"}],"replies":[{"embeddable":true,"href":"https:\/\/www.vereinfernsehturmdresden.de\/index.php?rest_route=%2Fwp%2Fv2%2Fcomments&post=488"}],"version-history":[{"count":77,"href":"https:\/\/www.vereinfernsehturmdresden.de\/index.php?rest_route=\/wp\/v2\/pages\/488\/revisions"}],"predecessor-version":[{"id":2164,"href":"https:\/\/www.vereinfernsehturmdresden.de\/index.php?rest_route=\/wp\/v2\/pages\/488\/revisions\/2164"}],"wp:attachment":[{"href":"https:\/\/www.vereinfernsehturmdresden.de\/index.php?rest_route=%2Fwp%2Fv2%2Fmedia&parent=488"}],"curies":[{"name":"wp","href":"https:\/\/api.w.org\/{rel}","templated":true}]}}